{"id":2196,"date":"2019-10-02T09:58:35","date_gmt":"2019-10-02T09:58:35","guid":{"rendered":"http:\/\/maxin-prague.cz\/portfolio-items\/annual-prestigious-conference-with-award-ceremony-in-prague\/"},"modified":"2019-10-10T10:20:31","modified_gmt":"2019-10-10T10:20:31","slug":"annual-prestigious-conference-with-award-ceremony-in-prague","status":"publish","type":"avada_portfolio","link":"https:\/\/maxin-prague.cz\/en\/portfolio-items\/annual-prestigious-conference-with-award-ceremony-in-prague\/","title":{"rendered":"ANNUAL PRESTIGIOUS CONFERENCE WITH AWARD CEREMONY IN PRAGUE"},"content":{"rendered":"<p><div class=\"fusion-fullwidth fullwidth-box fusion-builder-row-1 fusion-flex-container nonhundred-percent-fullwidth non-hundred-percent-height-scrolling\" style=\"--awb-border-radius-top-left:0px;--awb-border-radius-top-right:0px;--awb-border-radius-bottom-right:0px;--awb-border-radius-bottom-left:0px;--awb-padding-top:10px;--awb-flex-wrap:wrap;\" ><div class=\"fusion-builder-row fusion-row fusion-flex-align-items-flex-start fusion-flex-content-wrap\" style=\"max-width:calc( 1600px + 0px );margin-left: calc(-0px \/ 2 );margin-right: calc(-0px \/ 2 );\"><div class=\"fusion-layout-column fusion_builder_column fusion-builder-column-0 fusion_builder_column_1_1 1_1 fusion-flex-column\" style=\"--awb-bg-size:cover;--awb-width-large:100%;--awb-margin-top-large:0px;--awb-spacing-right-large:0px;--awb-margin-bottom-large:0px;--awb-spacing-left-large:0px;--awb-width-medium:100%;--awb-spacing-right-medium:0px;--awb-spacing-left-medium:0px;--awb-width-small:100%;--awb-spacing-right-small:0px;--awb-spacing-left-small:0px;\"><div class=\"fusion-column-wrapper fusion-column-has-shadow fusion-flex-justify-content-flex-start fusion-content-layout-column\"><div class=\"awb-gallery-wrapper awb-gallery-wrapper-1 button-span-no\"><div style=\"margin:-5px;--awb-bordersize:0px;\" class=\"fusion-gallery fusion-gallery-container fusion-grid-6 fusion-columns-total-14 fusion-gallery-layout-grid fusion-gallery-1\"><div style=\"padding:5px;\" class=\"fusion-grid-column fusion-gallery-column fusion-gallery-column-6 hover-type-none\"><div class=\"fusion-gallery-image\"><a href=\"https:\/\/maxin-prague.cz\/wp-content\/uploads\/2019\/10\/Business-presentation-during-Prague-annual-conference.jpg\" data-title=\"Business presentation during Prague annual conference\" title=\"Business presentation during Prague annual conference\" rel=\"noreferrer\" data-rel=\"iLightbox[gallery_image_1]\" class=\"fusion-lightbox\" target=\"_self\"><img decoding=\"async\" src=\"https:\/\/maxin-prague.cz\/wp-content\/uploads\/2019\/10\/Business-presentation-during-Prague-annual-conference.jpg\" data-orig-src=\"https:\/\/maxin-prague.cz\/wp-content\/uploads\/2019\/10\/Business-presentation-during-Prague-annual-conference.jpg\" width=\"1200\" height=\"800\" alt=\"Business presentation during Prague annual conference\" title=\"Business presentation during Prague annual conference\" aria-label=\"Business presentation during Prague annual conference\" class=\"lazyload img-responsive wp-image-2158\" srcset=\"data:image\/svg+xml,%3Csvg%20xmlns%3D%27http%3A%2F%2Fwww.w3.org%2F2000%2Fsvg%27%20width%3D%271200%27%20height%3D%27800%27%20viewBox%3D%270%200%201200%20800%27%3E%3Crect%20width%3D%271200%27%20height%3D%27800%27%20fill-opacity%3D%220%22%2F%3E%3C%2Fsvg%3E\" data-srcset=\"https:\/\/maxin-prague.cz\/wp-content\/uploads\/2019\/10\/Business-presentation-during-Prague-annual-conference-200x133.jpg 200w, https:\/\/maxin-prague.cz\/wp-content\/uploads\/2019\/10\/Business-presentation-during-Prague-annual-conference-400x267.jpg 400w, https:\/\/maxin-prague.cz\/wp-content\/uploads\/2019\/10\/Business-presentation-during-Prague-annual-conference-600x400.jpg 600w, https:\/\/maxin-prague.cz\/wp-content\/uploads\/2019\/10\/Business-presentation-during-Prague-annual-conference-800x533.jpg 800w, https:\/\/maxin-prague.cz\/wp-content\/uploads\/2019\/10\/Business-presentation-during-Prague-annual-conference.jpg 1200w\" data-sizes=\"auto\" data-orig-sizes=\"(min-width: 2200px) 100vw, (min-width: 1100px) 263px, (min-width: 1008px) 315px, (min-width: 916px) 394px, (min-width: 824px) 525px, (min-width: 732px) 824px, (min-width: 640px) 732px, \" \/><\/a><\/div><\/div><div style=\"padding:5px;\" class=\"fusion-grid-column fusion-gallery-column fusion-gallery-column-6 hover-type-none\"><div class=\"fusion-gallery-image\"><a href=\"https:\/\/maxin-prague.cz\/wp-content\/uploads\/2019\/10\/Business-presentations-were-very-important-of-this-annual-conference-and-award-ceremony-in-Prague.jpg\" data-title=\"Business presentations were very important of this annual conference and award ceremony in Prague\" title=\"Business presentations were very important of this annual conference and award ceremony in Prague\" rel=\"noreferrer\" data-rel=\"iLightbox[gallery_image_1]\" class=\"fusion-lightbox\" target=\"_self\"><img decoding=\"async\" src=\"https:\/\/maxin-prague.cz\/wp-content\/uploads\/2019\/10\/Business-presentations-were-very-important-of-this-annual-conference-and-award-ceremony-in-Prague.jpg\" data-orig-src=\"https:\/\/maxin-prague.cz\/wp-content\/uploads\/2019\/10\/Business-presentations-were-very-important-of-this-annual-conference-and-award-ceremony-in-Prague.jpg\" width=\"1200\" height=\"800\" alt=\"Business presentations were very important of this annual conference and award ceremony in Prague\" title=\"Business presentations were very important of this annual conference and award ceremony in Prague\" aria-label=\"Business presentations were very important of this annual conference and award ceremony in Prague\" class=\"lazyload img-responsive wp-image-2160\" srcset=\"data:image\/svg+xml,%3Csvg%20xmlns%3D%27http%3A%2F%2Fwww.w3.org%2F2000%2Fsvg%27%20width%3D%271200%27%20height%3D%27800%27%20viewBox%3D%270%200%201200%20800%27%3E%3Crect%20width%3D%271200%27%20height%3D%27800%27%20fill-opacity%3D%220%22%2F%3E%3C%2Fsvg%3E\" data-srcset=\"https:\/\/maxin-prague.cz\/wp-content\/uploads\/2019\/10\/Business-presentations-were-very-important-of-this-annual-conference-and-award-ceremony-in-Prague-200x133.jpg 200w, https:\/\/maxin-prague.cz\/wp-content\/uploads\/2019\/10\/Business-presentations-were-very-important-of-this-annual-conference-and-award-ceremony-in-Prague-400x267.jpg 400w, https:\/\/maxin-prague.cz\/wp-content\/uploads\/2019\/10\/Business-presentations-were-very-important-of-this-annual-conference-and-award-ceremony-in-Prague-600x400.jpg 600w, https:\/\/maxin-prague.cz\/wp-content\/uploads\/2019\/10\/Business-presentations-were-very-important-of-this-annual-conference-and-award-ceremony-in-Prague-800x533.jpg 800w, https:\/\/maxin-prague.cz\/wp-content\/uploads\/2019\/10\/Business-presentations-were-very-important-of-this-annual-conference-and-award-ceremony-in-Prague.jpg 1200w\" data-sizes=\"auto\" data-orig-sizes=\"(min-width: 2200px) 100vw, (min-width: 1100px) 263px, (min-width: 1008px) 315px, (min-width: 916px) 394px, (min-width: 824px) 525px, (min-width: 732px) 824px, (min-width: 640px) 732px, \" \/><\/a><\/div><\/div><div style=\"padding:5px;\" class=\"fusion-grid-column fusion-gallery-column fusion-gallery-column-6 hover-type-none\"><div class=\"fusion-gallery-image\"><a href=\"https:\/\/maxin-prague.cz\/wp-content\/uploads\/2019\/10\/Daniel-and-Eva-organizers-at-Prague-annual-conference-photo-booth.jpg\" data-title=\"Daniel and Eva organizers at Prague annual conference photo booth\" title=\"Daniel and Eva organizers at Prague annual conference photo booth\" rel=\"noreferrer\" data-rel=\"iLightbox[gallery_image_1]\" class=\"fusion-lightbox\" target=\"_self\"><img decoding=\"async\" src=\"https:\/\/maxin-prague.cz\/wp-content\/uploads\/2019\/10\/Daniel-and-Eva-organizers-at-Prague-annual-conference-photo-booth.jpg\" data-orig-src=\"https:\/\/maxin-prague.cz\/wp-content\/uploads\/2019\/10\/Daniel-and-Eva-organizers-at-Prague-annual-conference-photo-booth.jpg\" width=\"1200\" height=\"800\" alt=\"Daniel and Eva organizers at Prague annual conference photo booth\" title=\"Daniel and Eva organizers at Prague annual conference photo booth\" aria-label=\"Daniel and Eva organizers at Prague annual conference photo booth\" class=\"lazyload img-responsive wp-image-2162\" srcset=\"data:image\/svg+xml,%3Csvg%20xmlns%3D%27http%3A%2F%2Fwww.w3.org%2F2000%2Fsvg%27%20width%3D%271200%27%20height%3D%27800%27%20viewBox%3D%270%200%201200%20800%27%3E%3Crect%20width%3D%271200%27%20height%3D%27800%27%20fill-opacity%3D%220%22%2F%3E%3C%2Fsvg%3E\" data-srcset=\"https:\/\/maxin-prague.cz\/wp-content\/uploads\/2019\/10\/Daniel-and-Eva-organizers-at-Prague-annual-conference-photo-booth-200x133.jpg 200w, https:\/\/maxin-prague.cz\/wp-content\/uploads\/2019\/10\/Daniel-and-Eva-organizers-at-Prague-annual-conference-photo-booth-400x267.jpg 400w, https:\/\/maxin-prague.cz\/wp-content\/uploads\/2019\/10\/Daniel-and-Eva-organizers-at-Prague-annual-conference-photo-booth-600x400.jpg 600w, https:\/\/maxin-prague.cz\/wp-content\/uploads\/2019\/10\/Daniel-and-Eva-organizers-at-Prague-annual-conference-photo-booth-800x533.jpg 800w, https:\/\/maxin-prague.cz\/wp-content\/uploads\/2019\/10\/Daniel-and-Eva-organizers-at-Prague-annual-conference-photo-booth.jpg 1200w\" data-sizes=\"auto\" data-orig-sizes=\"(min-width: 2200px) 100vw, (min-width: 1100px) 263px, (min-width: 1008px) 315px, (min-width: 916px) 394px, (min-width: 824px) 525px, (min-width: 732px) 824px, (min-width: 640px) 732px, \" \/><\/a><\/div><\/div><div style=\"padding:5px;\" class=\"fusion-grid-column fusion-gallery-column fusion-gallery-column-6 hover-type-none\"><div class=\"fusion-gallery-image\"><a href=\"https:\/\/maxin-prague.cz\/wp-content\/uploads\/2019\/10\/DJ-entertains-guests-of-Prague-annual-conference-award-ceremony-afterparty.jpg\" data-title=\"DJ entertains guests of Prague annual conference award ceremony afterparty\" title=\"DJ entertains guests of Prague annual conference award ceremony afterparty\" rel=\"noreferrer\" data-rel=\"iLightbox[gallery_image_1]\" class=\"fusion-lightbox\" target=\"_self\"><img decoding=\"async\" src=\"https:\/\/maxin-prague.cz\/wp-content\/uploads\/2019\/10\/DJ-entertains-guests-of-Prague-annual-conference-award-ceremony-afterparty.jpg\" data-orig-src=\"https:\/\/maxin-prague.cz\/wp-content\/uploads\/2019\/10\/DJ-entertains-guests-of-Prague-annual-conference-award-ceremony-afterparty.jpg\" width=\"1200\" height=\"800\" alt=\"DJ entertains guests of Prague annual conference award ceremony afterparty\" title=\"DJ entertains guests of Prague annual conference award ceremony afterparty\" aria-label=\"DJ entertains guests of Prague annual conference award ceremony afterparty\" class=\"lazyload img-responsive wp-image-2164\" srcset=\"data:image\/svg+xml,%3Csvg%20xmlns%3D%27http%3A%2F%2Fwww.w3.org%2F2000%2Fsvg%27%20width%3D%271200%27%20height%3D%27800%27%20viewBox%3D%270%200%201200%20800%27%3E%3Crect%20width%3D%271200%27%20height%3D%27800%27%20fill-opacity%3D%220%22%2F%3E%3C%2Fsvg%3E\" data-srcset=\"https:\/\/maxin-prague.cz\/wp-content\/uploads\/2019\/10\/DJ-entertains-guests-of-Prague-annual-conference-award-ceremony-afterparty-200x133.jpg 200w, https:\/\/maxin-prague.cz\/wp-content\/uploads\/2019\/10\/DJ-entertains-guests-of-Prague-annual-conference-award-ceremony-afterparty-400x267.jpg 400w, https:\/\/maxin-prague.cz\/wp-content\/uploads\/2019\/10\/DJ-entertains-guests-of-Prague-annual-conference-award-ceremony-afterparty-600x400.jpg 600w, https:\/\/maxin-prague.cz\/wp-content\/uploads\/2019\/10\/DJ-entertains-guests-of-Prague-annual-conference-award-ceremony-afterparty-800x533.jpg 800w, https:\/\/maxin-prague.cz\/wp-content\/uploads\/2019\/10\/DJ-entertains-guests-of-Prague-annual-conference-award-ceremony-afterparty.jpg 1200w\" data-sizes=\"auto\" data-orig-sizes=\"(min-width: 2200px) 100vw, (min-width: 1100px) 263px, (min-width: 1008px) 315px, (min-width: 916px) 394px, (min-width: 824px) 525px, (min-width: 732px) 824px, (min-width: 640px) 732px, \" \/><\/a><\/div><\/div><div style=\"padding:5px;\" class=\"fusion-grid-column fusion-gallery-column fusion-gallery-column-6 hover-type-none\"><div class=\"fusion-gallery-image\"><a href=\"https:\/\/maxin-prague.cz\/wp-content\/uploads\/2019\/10\/Guests-listening-to-presentations-during-Prague-annual-conference-and-business-awards.jpg\" data-title=\"Guests listening to presentations during Prague annual conference and business awards\" title=\"Guests listening to presentations during Prague annual conference and business awards\" rel=\"noreferrer\" data-rel=\"iLightbox[gallery_image_1]\" class=\"fusion-lightbox\" target=\"_self\"><img decoding=\"async\" src=\"https:\/\/maxin-prague.cz\/wp-content\/uploads\/2019\/10\/Guests-listening-to-presentations-during-Prague-annual-conference-and-business-awards.jpg\" data-orig-src=\"https:\/\/maxin-prague.cz\/wp-content\/uploads\/2019\/10\/Guests-listening-to-presentations-during-Prague-annual-conference-and-business-awards.jpg\" width=\"1200\" height=\"800\" alt=\"Guests listening to presentations during Prague annual conference and business awards\" title=\"Guests listening to presentations during Prague annual conference and business awards\" aria-label=\"Guests listening to presentations during Prague annual conference and business awards\" class=\"lazyload img-responsive wp-image-2166\" srcset=\"data:image\/svg+xml,%3Csvg%20xmlns%3D%27http%3A%2F%2Fwww.w3.org%2F2000%2Fsvg%27%20width%3D%271200%27%20height%3D%27800%27%20viewBox%3D%270%200%201200%20800%27%3E%3Crect%20width%3D%271200%27%20height%3D%27800%27%20fill-opacity%3D%220%22%2F%3E%3C%2Fsvg%3E\" data-srcset=\"https:\/\/maxin-prague.cz\/wp-content\/uploads\/2019\/10\/Guests-listening-to-presentations-during-Prague-annual-conference-and-business-awards-200x133.jpg 200w, https:\/\/maxin-prague.cz\/wp-content\/uploads\/2019\/10\/Guests-listening-to-presentations-during-Prague-annual-conference-and-business-awards-400x267.jpg 400w, https:\/\/maxin-prague.cz\/wp-content\/uploads\/2019\/10\/Guests-listening-to-presentations-during-Prague-annual-conference-and-business-awards-600x400.jpg 600w, https:\/\/maxin-prague.cz\/wp-content\/uploads\/2019\/10\/Guests-listening-to-presentations-during-Prague-annual-conference-and-business-awards-800x533.jpg 800w, https:\/\/maxin-prague.cz\/wp-content\/uploads\/2019\/10\/Guests-listening-to-presentations-during-Prague-annual-conference-and-business-awards.jpg 1200w\" data-sizes=\"auto\" data-orig-sizes=\"(min-width: 2200px) 100vw, (min-width: 1100px) 263px, (min-width: 1008px) 315px, (min-width: 916px) 394px, (min-width: 824px) 525px, (min-width: 732px) 824px, (min-width: 640px) 732px, \" \/><\/a><\/div><\/div><div style=\"padding:5px;\" class=\"fusion-grid-column fusion-gallery-column fusion-gallery-column-6 hover-type-none\"><div class=\"fusion-gallery-image\"><a href=\"https:\/\/maxin-prague.cz\/wp-content\/uploads\/2019\/10\/Hostesses-organized-for-Prague-annual-conference-and-award-ceremony.jpg\" data-title=\"Hostesses organized for Prague annual conference and award ceremony\" title=\"Hostesses organized for Prague annual conference and award ceremony\" rel=\"noreferrer\" data-rel=\"iLightbox[gallery_image_1]\" class=\"fusion-lightbox\" target=\"_self\"><img decoding=\"async\" src=\"https:\/\/maxin-prague.cz\/wp-content\/uploads\/2019\/10\/Hostesses-organized-for-Prague-annual-conference-and-award-ceremony.jpg\" data-orig-src=\"https:\/\/maxin-prague.cz\/wp-content\/uploads\/2019\/10\/Hostesses-organized-for-Prague-annual-conference-and-award-ceremony.jpg\" width=\"1200\" height=\"800\" alt=\"Hostesses organized for Prague annual conference and award ceremony\" title=\"Hostesses organized for Prague annual conference and award ceremony\" aria-label=\"Hostesses organized for Prague annual conference and award ceremony\" class=\"lazyload img-responsive wp-image-2168\" srcset=\"data:image\/svg+xml,%3Csvg%20xmlns%3D%27http%3A%2F%2Fwww.w3.org%2F2000%2Fsvg%27%20width%3D%271200%27%20height%3D%27800%27%20viewBox%3D%270%200%201200%20800%27%3E%3Crect%20width%3D%271200%27%20height%3D%27800%27%20fill-opacity%3D%220%22%2F%3E%3C%2Fsvg%3E\" data-srcset=\"https:\/\/maxin-prague.cz\/wp-content\/uploads\/2019\/10\/Hostesses-organized-for-Prague-annual-conference-and-award-ceremony-200x133.jpg 200w, https:\/\/maxin-prague.cz\/wp-content\/uploads\/2019\/10\/Hostesses-organized-for-Prague-annual-conference-and-award-ceremony-400x267.jpg 400w, https:\/\/maxin-prague.cz\/wp-content\/uploads\/2019\/10\/Hostesses-organized-for-Prague-annual-conference-and-award-ceremony-600x400.jpg 600w, https:\/\/maxin-prague.cz\/wp-content\/uploads\/2019\/10\/Hostesses-organized-for-Prague-annual-conference-and-award-ceremony-800x533.jpg 800w, https:\/\/maxin-prague.cz\/wp-content\/uploads\/2019\/10\/Hostesses-organized-for-Prague-annual-conference-and-award-ceremony.jpg 1200w\" data-sizes=\"auto\" data-orig-sizes=\"(min-width: 2200px) 100vw, (min-width: 1100px) 263px, (min-width: 1008px) 315px, (min-width: 916px) 394px, (min-width: 824px) 525px, (min-width: 732px) 824px, (min-width: 640px) 732px, \" \/><\/a><\/div><\/div><div class=\"clearfix\"><\/div><div style=\"padding:5px;\" class=\"fusion-grid-column fusion-gallery-column fusion-gallery-column-6 hover-type-none\"><div class=\"fusion-gallery-image\"><a href=\"https:\/\/maxin-prague.cz\/wp-content\/uploads\/2019\/10\/Panel-debate-at-the-stage-of-Prague-annual-conference-organized-by-Maxin-PRAGUE.jpg\" data-title=\"Panel debate at the stage of Prague annual conference organized by Maxin PRAGUE\" title=\"Panel debate at the stage of Prague annual conference organized by Maxin PRAGUE\" rel=\"noreferrer\" data-rel=\"iLightbox[gallery_image_1]\" class=\"fusion-lightbox\" target=\"_self\"><img decoding=\"async\" src=\"https:\/\/maxin-prague.cz\/wp-content\/uploads\/2019\/10\/Panel-debate-at-the-stage-of-Prague-annual-conference-organized-by-Maxin-PRAGUE.jpg\" data-orig-src=\"https:\/\/maxin-prague.cz\/wp-content\/uploads\/2019\/10\/Panel-debate-at-the-stage-of-Prague-annual-conference-organized-by-Maxin-PRAGUE.jpg\" width=\"1200\" height=\"800\" alt=\"Panel debate at the stage of Prague annual conference organized by Maxin PRAGUE\" title=\"Panel debate at the stage of Prague annual conference organized by Maxin PRAGUE\" aria-label=\"Panel debate at the stage of Prague annual conference organized by Maxin PRAGUE\" class=\"lazyload img-responsive wp-image-2170\" srcset=\"data:image\/svg+xml,%3Csvg%20xmlns%3D%27http%3A%2F%2Fwww.w3.org%2F2000%2Fsvg%27%20width%3D%271200%27%20height%3D%27800%27%20viewBox%3D%270%200%201200%20800%27%3E%3Crect%20width%3D%271200%27%20height%3D%27800%27%20fill-opacity%3D%220%22%2F%3E%3C%2Fsvg%3E\" data-srcset=\"https:\/\/maxin-prague.cz\/wp-content\/uploads\/2019\/10\/Panel-debate-at-the-stage-of-Prague-annual-conference-organized-by-Maxin-PRAGUE-200x133.jpg 200w, https:\/\/maxin-prague.cz\/wp-content\/uploads\/2019\/10\/Panel-debate-at-the-stage-of-Prague-annual-conference-organized-by-Maxin-PRAGUE-400x267.jpg 400w, https:\/\/maxin-prague.cz\/wp-content\/uploads\/2019\/10\/Panel-debate-at-the-stage-of-Prague-annual-conference-organized-by-Maxin-PRAGUE-600x400.jpg 600w, https:\/\/maxin-prague.cz\/wp-content\/uploads\/2019\/10\/Panel-debate-at-the-stage-of-Prague-annual-conference-organized-by-Maxin-PRAGUE-800x533.jpg 800w, https:\/\/maxin-prague.cz\/wp-content\/uploads\/2019\/10\/Panel-debate-at-the-stage-of-Prague-annual-conference-organized-by-Maxin-PRAGUE.jpg 1200w\" data-sizes=\"auto\" data-orig-sizes=\"(min-width: 2200px) 100vw, (min-width: 1100px) 263px, (min-width: 1008px) 315px, (min-width: 916px) 394px, (min-width: 824px) 525px, (min-width: 732px) 824px, (min-width: 640px) 732px, \" \/><\/a><\/div><\/div><div style=\"padding:5px;\" class=\"fusion-grid-column fusion-gallery-column fusion-gallery-column-6 hover-type-none\"><div class=\"fusion-gallery-image\"><a href=\"https:\/\/maxin-prague.cz\/wp-content\/uploads\/2019\/10\/Prague-annual-conference-and-award-ceremony-high-tech-audiovisual-equipment.jpg\" data-title=\"Prague annual conference and award ceremony high-tech audiovisual equipment\" title=\"Prague annual conference and award ceremony high-tech audiovisual equipment\" rel=\"noreferrer\" data-rel=\"iLightbox[gallery_image_1]\" class=\"fusion-lightbox\" target=\"_self\"><img decoding=\"async\" src=\"https:\/\/maxin-prague.cz\/wp-content\/uploads\/2019\/10\/Prague-annual-conference-and-award-ceremony-high-tech-audiovisual-equipment.jpg\" data-orig-src=\"https:\/\/maxin-prague.cz\/wp-content\/uploads\/2019\/10\/Prague-annual-conference-and-award-ceremony-high-tech-audiovisual-equipment.jpg\" width=\"1200\" height=\"800\" alt=\"Prague annual conference and award ceremony high-tech audiovisual equipment\" title=\"Prague annual conference and award ceremony high-tech audiovisual equipment\" aria-label=\"Prague annual conference and award ceremony high-tech audiovisual equipment\" class=\"lazyload img-responsive wp-image-2172\" srcset=\"data:image\/svg+xml,%3Csvg%20xmlns%3D%27http%3A%2F%2Fwww.w3.org%2F2000%2Fsvg%27%20width%3D%271200%27%20height%3D%27800%27%20viewBox%3D%270%200%201200%20800%27%3E%3Crect%20width%3D%271200%27%20height%3D%27800%27%20fill-opacity%3D%220%22%2F%3E%3C%2Fsvg%3E\" data-srcset=\"https:\/\/maxin-prague.cz\/wp-content\/uploads\/2019\/10\/Prague-annual-conference-and-award-ceremony-high-tech-audiovisual-equipment-200x133.jpg 200w, https:\/\/maxin-prague.cz\/wp-content\/uploads\/2019\/10\/Prague-annual-conference-and-award-ceremony-high-tech-audiovisual-equipment-400x267.jpg 400w, https:\/\/maxin-prague.cz\/wp-content\/uploads\/2019\/10\/Prague-annual-conference-and-award-ceremony-high-tech-audiovisual-equipment-600x400.jpg 600w, https:\/\/maxin-prague.cz\/wp-content\/uploads\/2019\/10\/Prague-annual-conference-and-award-ceremony-high-tech-audiovisual-equipment-800x533.jpg 800w, https:\/\/maxin-prague.cz\/wp-content\/uploads\/2019\/10\/Prague-annual-conference-and-award-ceremony-high-tech-audiovisual-equipment.jpg 1200w\" data-sizes=\"auto\" data-orig-sizes=\"(min-width: 2200px) 100vw, (min-width: 1100px) 263px, (min-width: 1008px) 315px, (min-width: 916px) 394px, (min-width: 824px) 525px, (min-width: 732px) 824px, (min-width: 640px) 732px, \" \/><\/a><\/div><\/div><div style=\"padding:5px;\" class=\"fusion-grid-column fusion-gallery-column fusion-gallery-column-6 hover-type-none\"><div class=\"fusion-gallery-image\"><a href=\"https:\/\/maxin-prague.cz\/wp-content\/uploads\/2019\/10\/Prague-annual-conference-stage-displays-logos-of-organizing-agencies.jpg\" data-title=\"Prague annual conference stage displays logos of organizing agencies\" title=\"Prague annual conference stage displays logos of organizing agencies\" rel=\"noreferrer\" data-rel=\"iLightbox[gallery_image_1]\" class=\"fusion-lightbox\" target=\"_self\"><img decoding=\"async\" src=\"https:\/\/maxin-prague.cz\/wp-content\/uploads\/2019\/10\/Prague-annual-conference-stage-displays-logos-of-organizing-agencies.jpg\" data-orig-src=\"https:\/\/maxin-prague.cz\/wp-content\/uploads\/2019\/10\/Prague-annual-conference-stage-displays-logos-of-organizing-agencies.jpg\" width=\"1200\" height=\"800\" alt=\"Prague annual conference stage displays logos of organizing agencies\" title=\"Prague annual conference stage displays logos of organizing agencies\" aria-label=\"Prague annual conference stage displays logos of organizing agencies\" class=\"lazyload img-responsive wp-image-2174\" srcset=\"data:image\/svg+xml,%3Csvg%20xmlns%3D%27http%3A%2F%2Fwww.w3.org%2F2000%2Fsvg%27%20width%3D%271200%27%20height%3D%27800%27%20viewBox%3D%270%200%201200%20800%27%3E%3Crect%20width%3D%271200%27%20height%3D%27800%27%20fill-opacity%3D%220%22%2F%3E%3C%2Fsvg%3E\" data-srcset=\"https:\/\/maxin-prague.cz\/wp-content\/uploads\/2019\/10\/Prague-annual-conference-stage-displays-logos-of-organizing-agencies-200x133.jpg 200w, https:\/\/maxin-prague.cz\/wp-content\/uploads\/2019\/10\/Prague-annual-conference-stage-displays-logos-of-organizing-agencies-400x267.jpg 400w, https:\/\/maxin-prague.cz\/wp-content\/uploads\/2019\/10\/Prague-annual-conference-stage-displays-logos-of-organizing-agencies-600x400.jpg 600w, https:\/\/maxin-prague.cz\/wp-content\/uploads\/2019\/10\/Prague-annual-conference-stage-displays-logos-of-organizing-agencies-800x533.jpg 800w, https:\/\/maxin-prague.cz\/wp-content\/uploads\/2019\/10\/Prague-annual-conference-stage-displays-logos-of-organizing-agencies.jpg 1200w\" data-sizes=\"auto\" data-orig-sizes=\"(min-width: 2200px) 100vw, (min-width: 1100px) 263px, (min-width: 1008px) 315px, (min-width: 916px) 394px, (min-width: 824px) 525px, (min-width: 732px) 824px, (min-width: 640px) 732px, \" \/><\/a><\/div><\/div><div style=\"padding:5px;\" class=\"fusion-grid-column fusion-gallery-column fusion-gallery-column-6 hover-type-none\"><div class=\"fusion-gallery-image\"><a href=\"https:\/\/maxin-prague.cz\/wp-content\/uploads\/2019\/10\/Professional-band-entertains-guests-at-Prague-annual-conference-afterparty.jpg\" data-title=\"Professional band entertains guests at Prague annual conference afterparty\" title=\"Professional band entertains guests at Prague annual conference afterparty\" rel=\"noreferrer\" data-rel=\"iLightbox[gallery_image_1]\" class=\"fusion-lightbox\" target=\"_self\"><img decoding=\"async\" src=\"https:\/\/maxin-prague.cz\/wp-content\/uploads\/2019\/10\/Professional-band-entertains-guests-at-Prague-annual-conference-afterparty.jpg\" data-orig-src=\"https:\/\/maxin-prague.cz\/wp-content\/uploads\/2019\/10\/Professional-band-entertains-guests-at-Prague-annual-conference-afterparty.jpg\" width=\"1200\" height=\"800\" alt=\"Professional band entertains guests at Prague annual conference afterparty\" title=\"Professional band entertains guests at Prague annual conference afterparty\" aria-label=\"Professional band entertains guests at Prague annual conference afterparty\" class=\"lazyload img-responsive wp-image-2176\" srcset=\"data:image\/svg+xml,%3Csvg%20xmlns%3D%27http%3A%2F%2Fwww.w3.org%2F2000%2Fsvg%27%20width%3D%271200%27%20height%3D%27800%27%20viewBox%3D%270%200%201200%20800%27%3E%3Crect%20width%3D%271200%27%20height%3D%27800%27%20fill-opacity%3D%220%22%2F%3E%3C%2Fsvg%3E\" data-srcset=\"https:\/\/maxin-prague.cz\/wp-content\/uploads\/2019\/10\/Professional-band-entertains-guests-at-Prague-annual-conference-afterparty-200x133.jpg 200w, https:\/\/maxin-prague.cz\/wp-content\/uploads\/2019\/10\/Professional-band-entertains-guests-at-Prague-annual-conference-afterparty-400x267.jpg 400w, https:\/\/maxin-prague.cz\/wp-content\/uploads\/2019\/10\/Professional-band-entertains-guests-at-Prague-annual-conference-afterparty-600x400.jpg 600w, https:\/\/maxin-prague.cz\/wp-content\/uploads\/2019\/10\/Professional-band-entertains-guests-at-Prague-annual-conference-afterparty-800x533.jpg 800w, https:\/\/maxin-prague.cz\/wp-content\/uploads\/2019\/10\/Professional-band-entertains-guests-at-Prague-annual-conference-afterparty.jpg 1200w\" data-sizes=\"auto\" data-orig-sizes=\"(min-width: 2200px) 100vw, (min-width: 1100px) 263px, (min-width: 1008px) 315px, (min-width: 916px) 394px, (min-width: 824px) 525px, (min-width: 732px) 824px, (min-width: 640px) 732px, \" \/><\/a><\/div><\/div><div style=\"padding:5px;\" class=\"fusion-grid-column fusion-gallery-column fusion-gallery-column-6 hover-type-none\"><div class=\"fusion-gallery-image\"><a href=\"https:\/\/maxin-prague.cz\/wp-content\/uploads\/2019\/10\/Professional-host-leads-the-award-ceremony-during-Prague-annual-conference.jpg\" data-title=\"Professional host leads the award ceremony during Prague annual conference\" title=\"Professional host leads the award ceremony during Prague annual conference\" rel=\"noreferrer\" data-rel=\"iLightbox[gallery_image_1]\" class=\"fusion-lightbox\" target=\"_self\"><img decoding=\"async\" src=\"https:\/\/maxin-prague.cz\/wp-content\/uploads\/2019\/10\/Professional-host-leads-the-award-ceremony-during-Prague-annual-conference.jpg\" data-orig-src=\"https:\/\/maxin-prague.cz\/wp-content\/uploads\/2019\/10\/Professional-host-leads-the-award-ceremony-during-Prague-annual-conference.jpg\" width=\"1200\" height=\"800\" alt=\"Professional host leads the award ceremony during Prague annual conference\" title=\"Professional host leads the award ceremony during Prague annual conference\" aria-label=\"Professional host leads the award ceremony during Prague annual conference\" class=\"lazyload img-responsive wp-image-2178\" srcset=\"data:image\/svg+xml,%3Csvg%20xmlns%3D%27http%3A%2F%2Fwww.w3.org%2F2000%2Fsvg%27%20width%3D%271200%27%20height%3D%27800%27%20viewBox%3D%270%200%201200%20800%27%3E%3Crect%20width%3D%271200%27%20height%3D%27800%27%20fill-opacity%3D%220%22%2F%3E%3C%2Fsvg%3E\" data-srcset=\"https:\/\/maxin-prague.cz\/wp-content\/uploads\/2019\/10\/Professional-host-leads-the-award-ceremony-during-Prague-annual-conference-200x133.jpg 200w, https:\/\/maxin-prague.cz\/wp-content\/uploads\/2019\/10\/Professional-host-leads-the-award-ceremony-during-Prague-annual-conference-400x267.jpg 400w, https:\/\/maxin-prague.cz\/wp-content\/uploads\/2019\/10\/Professional-host-leads-the-award-ceremony-during-Prague-annual-conference-600x400.jpg 600w, https:\/\/maxin-prague.cz\/wp-content\/uploads\/2019\/10\/Professional-host-leads-the-award-ceremony-during-Prague-annual-conference-800x533.jpg 800w, https:\/\/maxin-prague.cz\/wp-content\/uploads\/2019\/10\/Professional-host-leads-the-award-ceremony-during-Prague-annual-conference.jpg 1200w\" data-sizes=\"auto\" data-orig-sizes=\"(min-width: 2200px) 100vw, (min-width: 1100px) 263px, (min-width: 1008px) 315px, (min-width: 916px) 394px, (min-width: 824px) 525px, (min-width: 732px) 824px, (min-width: 640px) 732px, \" \/><\/a><\/div><\/div><div style=\"padding:5px;\" class=\"fusion-grid-column fusion-gallery-column fusion-gallery-column-6 hover-type-none\"><div class=\"fusion-gallery-image\"><a href=\"https:\/\/maxin-prague.cz\/wp-content\/uploads\/2019\/10\/Professional-music-show-organized-by-Maxin-PRAGUE-at-annual-conference-with-award-ceremony.jpg\" data-title=\"Professional music show organized by Maxin PRAGUE at annual conference with award ceremony\" title=\"Professional music show organized by Maxin PRAGUE at annual conference with award ceremony\" rel=\"noreferrer\" data-rel=\"iLightbox[gallery_image_1]\" class=\"fusion-lightbox\" target=\"_self\"><img decoding=\"async\" src=\"https:\/\/maxin-prague.cz\/wp-content\/uploads\/2019\/10\/Professional-music-show-organized-by-Maxin-PRAGUE-at-annual-conference-with-award-ceremony.jpg\" data-orig-src=\"https:\/\/maxin-prague.cz\/wp-content\/uploads\/2019\/10\/Professional-music-show-organized-by-Maxin-PRAGUE-at-annual-conference-with-award-ceremony.jpg\" width=\"1200\" height=\"800\" alt=\"Professional music show organized by Maxin PRAGUE at annual conference with award ceremony\" title=\"Professional music show organized by Maxin PRAGUE at annual conference with award ceremony\" aria-label=\"Professional music show organized by Maxin PRAGUE at annual conference with award ceremony\" class=\"lazyload img-responsive wp-image-2180\" srcset=\"data:image\/svg+xml,%3Csvg%20xmlns%3D%27http%3A%2F%2Fwww.w3.org%2F2000%2Fsvg%27%20width%3D%271200%27%20height%3D%27800%27%20viewBox%3D%270%200%201200%20800%27%3E%3Crect%20width%3D%271200%27%20height%3D%27800%27%20fill-opacity%3D%220%22%2F%3E%3C%2Fsvg%3E\" data-srcset=\"https:\/\/maxin-prague.cz\/wp-content\/uploads\/2019\/10\/Professional-music-show-organized-by-Maxin-PRAGUE-at-annual-conference-with-award-ceremony-200x133.jpg 200w, https:\/\/maxin-prague.cz\/wp-content\/uploads\/2019\/10\/Professional-music-show-organized-by-Maxin-PRAGUE-at-annual-conference-with-award-ceremony-400x267.jpg 400w, https:\/\/maxin-prague.cz\/wp-content\/uploads\/2019\/10\/Professional-music-show-organized-by-Maxin-PRAGUE-at-annual-conference-with-award-ceremony-600x400.jpg 600w, https:\/\/maxin-prague.cz\/wp-content\/uploads\/2019\/10\/Professional-music-show-organized-by-Maxin-PRAGUE-at-annual-conference-with-award-ceremony-800x533.jpg 800w, https:\/\/maxin-prague.cz\/wp-content\/uploads\/2019\/10\/Professional-music-show-organized-by-Maxin-PRAGUE-at-annual-conference-with-award-ceremony.jpg 1200w\" data-sizes=\"auto\" data-orig-sizes=\"(min-width: 2200px) 100vw, (min-width: 1100px) 263px, (min-width: 1008px) 315px, (min-width: 916px) 394px, (min-width: 824px) 525px, (min-width: 732px) 824px, (min-width: 640px) 732px, \" \/><\/a><\/div><\/div><div class=\"clearfix\"><\/div><div style=\"padding:5px;\" class=\"fusion-grid-column fusion-gallery-column fusion-gallery-column-6 hover-type-none\"><div class=\"fusion-gallery-image\"><a href=\"https:\/\/maxin-prague.cz\/wp-content\/uploads\/2019\/10\/Stage-and-music-performance-at-annual-conference-and-award-ceremony-in-Prague.jpg\" data-title=\"Stage and music performance at annual conference and award ceremony in Prague\" title=\"Stage and music performance at annual conference and award ceremony in Prague\" rel=\"noreferrer\" data-rel=\"iLightbox[gallery_image_1]\" class=\"fusion-lightbox\" target=\"_self\"><img decoding=\"async\" src=\"https:\/\/maxin-prague.cz\/wp-content\/uploads\/2019\/10\/Stage-and-music-performance-at-annual-conference-and-award-ceremony-in-Prague.jpg\" data-orig-src=\"https:\/\/maxin-prague.cz\/wp-content\/uploads\/2019\/10\/Stage-and-music-performance-at-annual-conference-and-award-ceremony-in-Prague.jpg\" width=\"1200\" height=\"800\" alt=\"Stage and music performance at annual conference and award ceremony in Prague\" title=\"Stage and music performance at annual conference and award ceremony in Prague\" aria-label=\"Stage and music performance at annual conference and award ceremony in Prague\" class=\"lazyload img-responsive wp-image-2182\" srcset=\"data:image\/svg+xml,%3Csvg%20xmlns%3D%27http%3A%2F%2Fwww.w3.org%2F2000%2Fsvg%27%20width%3D%271200%27%20height%3D%27800%27%20viewBox%3D%270%200%201200%20800%27%3E%3Crect%20width%3D%271200%27%20height%3D%27800%27%20fill-opacity%3D%220%22%2F%3E%3C%2Fsvg%3E\" data-srcset=\"https:\/\/maxin-prague.cz\/wp-content\/uploads\/2019\/10\/Stage-and-music-performance-at-annual-conference-and-award-ceremony-in-Prague-200x133.jpg 200w, https:\/\/maxin-prague.cz\/wp-content\/uploads\/2019\/10\/Stage-and-music-performance-at-annual-conference-and-award-ceremony-in-Prague-400x267.jpg 400w, https:\/\/maxin-prague.cz\/wp-content\/uploads\/2019\/10\/Stage-and-music-performance-at-annual-conference-and-award-ceremony-in-Prague-600x400.jpg 600w, https:\/\/maxin-prague.cz\/wp-content\/uploads\/2019\/10\/Stage-and-music-performance-at-annual-conference-and-award-ceremony-in-Prague-800x533.jpg 800w, https:\/\/maxin-prague.cz\/wp-content\/uploads\/2019\/10\/Stage-and-music-performance-at-annual-conference-and-award-ceremony-in-Prague.jpg 1200w\" data-sizes=\"auto\" data-orig-sizes=\"(min-width: 2200px) 100vw, (min-width: 1100px) 263px, (min-width: 1008px) 315px, (min-width: 916px) 394px, (min-width: 824px) 525px, (min-width: 732px) 824px, (min-width: 640px) 732px, \" \/><\/a><\/div><\/div><div style=\"padding:5px;\" class=\"fusion-grid-column fusion-gallery-column fusion-gallery-column-6 hover-type-none\"><div class=\"fusion-gallery-image\"><a href=\"https:\/\/maxin-prague.cz\/wp-content\/uploads\/2019\/10\/Venue-exterior-of-the-annual-conference-and-award-ceremony-in-Prague.jpg\" data-title=\"Venue exterior of the annual conference and award ceremony in Prague\" title=\"Venue exterior of the annual conference and award ceremony in Prague\" rel=\"noreferrer\" data-rel=\"iLightbox[gallery_image_1]\" class=\"fusion-lightbox\" target=\"_self\"><img decoding=\"async\" src=\"https:\/\/maxin-prague.cz\/wp-content\/uploads\/2019\/10\/Venue-exterior-of-the-annual-conference-and-award-ceremony-in-Prague.jpg\" data-orig-src=\"https:\/\/maxin-prague.cz\/wp-content\/uploads\/2019\/10\/Venue-exterior-of-the-annual-conference-and-award-ceremony-in-Prague.jpg\" width=\"1200\" height=\"800\" alt=\"Venue exterior of the annual conference and award ceremony in Prague\" title=\"Venue exterior of the annual conference and award ceremony in Prague\" aria-label=\"Venue exterior of the annual conference and award ceremony in Prague\" class=\"lazyload img-responsive wp-image-2184\" srcset=\"data:image\/svg+xml,%3Csvg%20xmlns%3D%27http%3A%2F%2Fwww.w3.org%2F2000%2Fsvg%27%20width%3D%271200%27%20height%3D%27800%27%20viewBox%3D%270%200%201200%20800%27%3E%3Crect%20width%3D%271200%27%20height%3D%27800%27%20fill-opacity%3D%220%22%2F%3E%3C%2Fsvg%3E\" data-srcset=\"https:\/\/maxin-prague.cz\/wp-content\/uploads\/2019\/10\/Venue-exterior-of-the-annual-conference-and-award-ceremony-in-Prague-200x133.jpg 200w, https:\/\/maxin-prague.cz\/wp-content\/uploads\/2019\/10\/Venue-exterior-of-the-annual-conference-and-award-ceremony-in-Prague-400x267.jpg 400w, https:\/\/maxin-prague.cz\/wp-content\/uploads\/2019\/10\/Venue-exterior-of-the-annual-conference-and-award-ceremony-in-Prague-600x400.jpg 600w, https:\/\/maxin-prague.cz\/wp-content\/uploads\/2019\/10\/Venue-exterior-of-the-annual-conference-and-award-ceremony-in-Prague-800x533.jpg 800w, https:\/\/maxin-prague.cz\/wp-content\/uploads\/2019\/10\/Venue-exterior-of-the-annual-conference-and-award-ceremony-in-Prague.jpg 1200w\" data-sizes=\"auto\" data-orig-sizes=\"(min-width: 2200px) 100vw, (min-width: 1100px) 263px, (min-width: 1008px) 315px, (min-width: 916px) 394px, (min-width: 824px) 525px, (min-width: 732px) 824px, (min-width: 640px) 732px, \" \/><\/a><\/div><\/div><\/div><\/div><\/div><\/div><\/div><\/div><div class=\"fusion-fullwidth fullwidth-box fusion-builder-row-2 fusion-flex-container nonhundred-percent-fullwidth non-hundred-percent-height-scrolling\" style=\"--awb-border-radius-top-left:0px;--awb-border-radius-top-right:0px;--awb-border-radius-bottom-right:0px;--awb-border-radius-bottom-left:0px;--awb-flex-wrap:wrap;\" ><div class=\"fusion-builder-row fusion-row fusion-flex-align-items-flex-start fusion-flex-content-wrap\" style=\"max-width:calc( 1600px + 0px );margin-left: calc(-0px \/ 2 );margin-right: calc(-0px \/ 2 );\"><div class=\"fusion-layout-column fusion_builder_column fusion-builder-column-1 fusion_builder_column_1_1 1_1 fusion-flex-column\" style=\"--awb-padding-top:15px;--awb-padding-bottom:15px;--awb-bg-size:cover;--awb-width-large:100%;--awb-margin-top-large:0px;--awb-spacing-right-large:0px;--awb-margin-bottom-large:0px;--awb-spacing-left-large:0px;--awb-width-medium:100%;--awb-spacing-right-medium:0px;--awb-spacing-left-medium:0px;--awb-width-small:100%;--awb-spacing-right-small:0px;--awb-spacing-left-small:0px;\"><div class=\"fusion-column-wrapper fusion-column-has-shadow fusion-flex-justify-content-flex-start fusion-content-layout-column\"><div class=\"fusion-title title fusion-title-1 fusion-sep-none fusion-title-center fusion-title-text fusion-title-size-two\" style=\"--awb-margin-top-small:0px;--awb-margin-right-small:0px;--awb-margin-bottom-small:0px;--awb-margin-left-small:0px;\"><h2 class=\"fusion-title-heading title-heading-center fusion-responsive-typography-calculated\" style=\"margin:0;--fontSize:25;line-height:1.4;\">ANNUAL PRESTIGIOUS CONFERENCE WITH AWARD CEREMONY IN PRAGUE<\/h2><\/div><\/div><\/div><div class=\"fusion-layout-column fusion_builder_column fusion-builder-column-2 fusion_builder_column_1_1 1_1 fusion-flex-column\" style=\"--awb-bg-size:cover;--awb-width-large:100%;--awb-margin-top-large:0px;--awb-spacing-right-large:0px;--awb-margin-bottom-large:0px;--awb-spacing-left-large:0px;--awb-width-medium:100%;--awb-spacing-right-medium:0px;--awb-spacing-left-medium:0px;--awb-width-small:100%;--awb-spacing-right-small:0px;--awb-spacing-left-small:0px;\"><div class=\"fusion-column-wrapper fusion-column-has-shadow fusion-flex-justify-content-flex-start fusion-content-layout-column\"><div class=\"fusion-text fusion-text-1\"><p>The annual award ceremony for best Czech e-shops took a place in Prague famous club this year and Maxin Prague was proud to help organize the second year in a row. This year was the whole visual style and overall production of the event tied up with the visual style of the organizer\u00b4s national campaign that ran in all the medias such as TV, facebook, press or radio. The dominant element of the event was really huge LED screen with interactive presentations, Q&amp;A panel and video details of the speakers. The conference was followed by traditional award ceremony and after party. Maxin Prague delivered the visualization, animations, special sound effects and many other modern audio visual element to all three parts of the event.<\/p>\n<p><strong>\u00a0<\/strong><em>\u201eI would like to thank in the name of Heureka the whole Maxin Prague team for organization of the event ShopRoku Meeting 2014. Afternoon conference, evening award ceremony as well as the following afterparty went really good accordingly to our requirements and all the guests were satisfied.\u201d<br \/>\n<\/em>T.B., Director<\/p>\n<p>Conference organizer: Daniel Kozik<\/p>\n<\/div><\/div><\/div><\/div><\/div><div class=\"fusion-fullwidth fullwidth-box fusion-builder-row-3 fusion-flex-container nonhundred-percent-fullwidth non-hundred-percent-height-scrolling\" style=\"--awb-border-radius-top-left:0px;--awb-border-radius-top-right:0px;--awb-border-radius-bottom-right:0px;--awb-border-radius-bottom-left:0px;--awb-flex-wrap:wrap;\" ><div class=\"fusion-builder-row fusion-row fusion-flex-align-items-flex-start fusion-flex-content-wrap\" style=\"max-width:1664px;margin-left: calc(-4% \/ 2 );margin-right: calc(-4% \/ 2 );\"><div class=\"fusion-layout-column fusion_builder_column fusion-builder-column-3 fusion_builder_column_1_1 1_1 fusion-flex-column\" style=\"--awb-padding-bottom:15px;--awb-bg-size:cover;--awb-width-large:100%;--awb-margin-top-large:0px;--awb-spacing-right-large:1.92%;--awb-margin-bottom-large:0px;--awb-spacing-left-large:1.92%;--awb-width-medium:100%;--awb-spacing-right-medium:1.92%;--awb-spacing-left-medium:1.92%;--awb-width-small:100%;--awb-spacing-right-small:1.92%;--awb-spacing-left-small:1.92%;\"><div class=\"fusion-column-wrapper fusion-column-has-shadow fusion-flex-justify-content-flex-start fusion-content-layout-column\"><div class=\"fusion-title title fusion-title-2 fusion-sep-none fusion-title-center fusion-title-text fusion-title-size-two\" style=\"--awb-margin-top-small:0px;--awb-margin-right-small:0px;--awb-margin-bottom-small:0px;--awb-margin-left-small:0px;\"><h2 class=\"fusion-title-heading title-heading-center fusion-responsive-typography-calculated\" style=\"margin:0;--fontSize:25;line-height:1.4;\"><p style=\"text-align: center;\">Do you like this reference of ours? Are you planning a similar conference?<br \/>\nIt&#8217;s simple to let us know with this form below.<\/p><\/h2><\/div><\/div><\/div><div class=\"fusion-layout-column fusion_builder_column fusion-builder-column-4 fusion_builder_column_1_4 1_4 fusion-flex-column\" style=\"--awb-bg-size:cover;--awb-width-large:25%;--awb-margin-top-large:0px;--awb-spacing-right-large:7.68%;--awb-margin-bottom-large:0px;--awb-spacing-left-large:7.68%;--awb-width-medium:100%;--awb-spacing-right-medium:1.92%;--awb-spacing-left-medium:1.92%;--awb-width-small:100%;--awb-spacing-right-small:1.92%;--awb-spacing-left-small:1.92%;\"><div class=\"fusion-column-wrapper fusion-column-has-shadow fusion-flex-justify-content-flex-start fusion-content-layout-column\"><\/div><\/div><div class=\"fusion-layout-column fusion_builder_column fusion-builder-column-5 fusion_builder_column_1_2 1_2 fusion-flex-column\" style=\"--awb-bg-size:cover;--awb-width-large:50%;--awb-margin-top-large:0px;--awb-spacing-right-large:3.84%;--awb-margin-bottom-large:0px;--awb-spacing-left-large:3.84%;--awb-width-medium:100%;--awb-spacing-right-medium:1.92%;--awb-spacing-left-medium:1.92%;--awb-width-small:100%;--awb-spacing-right-small:1.92%;--awb-spacing-left-small:1.92%;\"><div class=\"fusion-column-wrapper fusion-column-has-shadow fusion-flex-justify-content-flex-start fusion-content-layout-column\">\n<div class=\"wpcf7 no-js\" id=\"wpcf7-f1628-o1\" lang=\"en-US\" dir=\"ltr\" data-wpcf7-id=\"1628\">\n<div class=\"screen-reader-response\"><p role=\"status\" aria-live=\"polite\" aria-atomic=\"true\"><\/p> <ul><\/ul><\/div>\n<form action=\"\/en\/wp-json\/wp\/v2\/avada_portfolio\/2196#wpcf7-f1628-o1\" method=\"post\" class=\"wpcf7-form init\" aria-label=\"Contact form\" novalidate=\"novalidate\" data-status=\"init\">\n<fieldset class=\"hidden-fields-container\"><input type=\"hidden\" name=\"_wpcf7\" value=\"1628\" \/><input type=\"hidden\" name=\"_wpcf7_version\" value=\"6.1.5\" \/><input type=\"hidden\" name=\"_wpcf7_locale\" value=\"en_US\" \/><input type=\"hidden\" name=\"_wpcf7_unit_tag\" value=\"wpcf7-f1628-o1\" \/><input type=\"hidden\" name=\"_wpcf7_container_post\" value=\"0\" \/><input type=\"hidden\" name=\"_wpcf7_posted_data_hash\" value=\"\" \/><input type=\"hidden\" name=\"_wpcf7_recaptcha_response\" value=\"\" \/>\n<\/fieldset>\n<table style=\"margin-bottom:20px;\">\n\t<tr>\n\t\t<td>\n\t\t\t<p><label>Name (*)<span class=\"wpcf7-form-control-wrap\" data-name=\"your-name\"><input size=\"40\" maxlength=\"400\" class=\"wpcf7-form-control wpcf7-text wpcf7-validates-as-required\" aria-required=\"true\" aria-invalid=\"false\" value=\"\" type=\"text\" name=\"your-name\" \/><\/span><\/label>\n\t\t\t<\/p>\n\t\t<\/td>\n\t\t<td style=\"padding-left:15px;\">\n\t\t\t<p><label>Email (*)<span class=\"wpcf7-form-control-wrap\" data-name=\"your-email\"><input size=\"40\" maxlength=\"400\" class=\"wpcf7-form-control wpcf7-email wpcf7-validates-as-required wpcf7-text wpcf7-validates-as-email\" aria-required=\"true\" aria-invalid=\"false\" placeholder=\"@\" value=\"\" type=\"email\" name=\"your-email\" \/><\/span><\/label>\n\t\t\t<\/p>\n\t\t<\/td>\n\t\t<td style=\"padding-left:15px;\">\n\t\t\t<p><label>Phone (*)<span class=\"wpcf7-form-control-wrap\" data-name=\"tel-445\"><input size=\"40\" maxlength=\"400\" class=\"wpcf7-form-control wpcf7-tel wpcf7-validates-as-required wpcf7-text wpcf7-validates-as-tel\" aria-required=\"true\" aria-invalid=\"false\" value=\"\" type=\"tel\" name=\"tel-445\" \/><\/span><\/label>\n\t\t\t<\/p>\n\t\t<\/td>\n\t<\/tr>\n\t<tr>\n\t\t<td colspan=\"3\">\n\t\t\t<p><label>Your message<span class=\"wpcf7-form-control-wrap\" data-name=\"your-message\"><textarea cols=\"40\" rows=\"10\" maxlength=\"2000\" class=\"wpcf7-form-control wpcf7-textarea\" aria-invalid=\"false\" placeholder=\"What can we organize for you?\" name=\"your-message\"><\/textarea><\/span><\/label>\n\t\t\t<\/p>\n\t\t<\/td>\n\t<\/tr>\n<\/table>\n<p><input class=\"wpcf7-form-control wpcf7-submit has-spinner\" type=\"submit\" value=\"Send\" \/>\n<\/p><div class=\"fusion-alert alert custom alert-custom fusion-alert-center wpcf7-response-output fusion-alert-capitalize awb-alert-native-link-color alert-dismissable awb-alert-close-boxed\" style=\"--awb-border-size:1px;--awb-border-top-left-radius:0px;--awb-border-top-right-radius:0px;--awb-border-bottom-left-radius:0px;--awb-border-bottom-right-radius:0px;\" role=\"alert\"><div class=\"fusion-alert-content-wrapper\"><span class=\"fusion-alert-content\"><\/span><\/div><button type=\"button\" class=\"close toggle-alert\" data-dismiss=\"alert\" aria-label=\"Close\">&times;<\/button><\/div>\n<\/form>\n<\/div>\n<\/div><\/div><div class=\"fusion-layout-column fusion_builder_column fusion-builder-column-6 fusion_builder_column_1_4 1_4 fusion-flex-column\" style=\"--awb-bg-size:cover;--awb-width-large:25%;--awb-margin-top-large:0px;--awb-spacing-right-large:7.68%;--awb-margin-bottom-large:0px;--awb-spacing-left-large:7.68%;--awb-width-medium:100%;--awb-spacing-right-medium:1.92%;--awb-spacing-left-medium:1.92%;--awb-width-small:100%;--awb-spacing-right-small:1.92%;--awb-spacing-left-small:1.92%;\"><div class=\"fusion-column-wrapper fusion-column-has-shadow fusion-flex-justify-content-flex-start fusion-content-layout-column\"><\/div><\/div><\/div><\/div>\n<\/p>\n","protected":false},"excerpt":{"rendered":"","protected":false},"author":4,"featured_media":2169,"menu_order":0,"comment_status":"closed","ping_status":"closed","template":"","format":"standard","meta":{"footnotes":""},"portfolio_category":[58,74],"portfolio_skills":[],"portfolio_tags":[],"class_list":["post-2196","avada_portfolio","type-avada_portfolio","status-publish","format-standard","has-post-thumbnail","hentry","portfolio_category-conferences","portfolio_category-101-300-conferences"],"yoast_head":"<!-- This site is optimized with the Yoast SEO plugin v27.4 - https:\/\/yoast.com\/product\/yoast-seo-wordpress\/ -->\n<title>ANNUAL PRESTIGIOUS CONFERENCE WITH AWARD CEREMONY IN PRAGUE - Maxin PRAGUE<\/title>\n<meta name=\"robots\" content=\"index, follow, max-snippet:-1, max-image-preview:large, max-video-preview:-1\" \/>\n<link rel=\"canonical\" href=\"https:\/\/maxin-prague.cz\/en\/portfolio-items\/annual-prestigious-conference-with-award-ceremony-in-prague\/\" \/>\n<meta property=\"og:locale\" content=\"en_US\" \/>\n<meta property=\"og:type\" content=\"article\" \/>\n<meta property=\"og:title\" content=\"ANNUAL PRESTIGIOUS CONFERENCE WITH AWARD CEREMONY IN PRAGUE - Maxin PRAGUE\" \/>\n<meta property=\"og:url\" content=\"https:\/\/maxin-prague.cz\/en\/portfolio-items\/annual-prestigious-conference-with-award-ceremony-in-prague\/\" \/>\n<meta property=\"og:site_name\" content=\"Maxin PRAGUE\" \/>\n<meta property=\"article:publisher\" content=\"https:\/\/www.facebook.com\/MaxinPRAGUE\/\" \/>\n<meta property=\"article:modified_time\" content=\"2019-10-10T10:20:31+00:00\" \/>\n<meta property=\"og:image\" content=\"https:\/\/maxin-prague.cz\/wp-content\/uploads\/2019\/10\/Panel-debate-at-the-stage-of-Prague-annual-conference-organized-by-Maxin-PRAGUE.jpg\" \/>\n\t<meta property=\"og:image:width\" content=\"1200\" \/>\n\t<meta property=\"og:image:height\" content=\"800\" \/>\n\t<meta property=\"og:image:type\" content=\"image\/jpeg\" \/>\n<meta name=\"twitter:card\" content=\"summary_large_image\" \/>\n<meta name=\"twitter:label1\" content=\"Est. reading time\" \/>\n\t<meta name=\"twitter:data1\" content=\"5 minutes\" \/>\n<script type=\"application\/ld+json\" class=\"yoast-schema-graph\">{\"@context\":\"https:\\\/\\\/schema.org\",\"@graph\":[{\"@type\":\"WebPage\",\"@id\":\"https:\\\/\\\/maxin-prague.cz\\\/en\\\/portfolio-items\\\/annual-prestigious-conference-with-award-ceremony-in-prague\\\/\",\"url\":\"https:\\\/\\\/maxin-prague.cz\\\/en\\\/portfolio-items\\\/annual-prestigious-conference-with-award-ceremony-in-prague\\\/\",\"name\":\"ANNUAL PRESTIGIOUS CONFERENCE WITH AWARD CEREMONY IN PRAGUE - Maxin PRAGUE\",\"isPartOf\":{\"@id\":\"https:\\\/\\\/maxin-prague.cz\\\/en\\\/#website\"},\"primaryImageOfPage\":{\"@id\":\"https:\\\/\\\/maxin-prague.cz\\\/en\\\/portfolio-items\\\/annual-prestigious-conference-with-award-ceremony-in-prague\\\/#primaryimage\"},\"image\":{\"@id\":\"https:\\\/\\\/maxin-prague.cz\\\/en\\\/portfolio-items\\\/annual-prestigious-conference-with-award-ceremony-in-prague\\\/#primaryimage\"},\"thumbnailUrl\":\"https:\\\/\\\/maxin-prague.cz\\\/wp-content\\\/uploads\\\/2019\\\/10\\\/Panel-debate-at-the-stage-of-Prague-annual-conference-organized-by-Maxin-PRAGUE.jpg\",\"datePublished\":\"2019-10-02T09:58:35+00:00\",\"dateModified\":\"2019-10-10T10:20:31+00:00\",\"breadcrumb\":{\"@id\":\"https:\\\/\\\/maxin-prague.cz\\\/en\\\/portfolio-items\\\/annual-prestigious-conference-with-award-ceremony-in-prague\\\/#breadcrumb\"},\"inLanguage\":\"en-US\",\"potentialAction\":[{\"@type\":\"ReadAction\",\"target\":[\"https:\\\/\\\/maxin-prague.cz\\\/en\\\/portfolio-items\\\/annual-prestigious-conference-with-award-ceremony-in-prague\\\/\"]}]},{\"@type\":\"ImageObject\",\"inLanguage\":\"en-US\",\"@id\":\"https:\\\/\\\/maxin-prague.cz\\\/en\\\/portfolio-items\\\/annual-prestigious-conference-with-award-ceremony-in-prague\\\/#primaryimage\",\"url\":\"https:\\\/\\\/maxin-prague.cz\\\/wp-content\\\/uploads\\\/2019\\\/10\\\/Panel-debate-at-the-stage-of-Prague-annual-conference-organized-by-Maxin-PRAGUE.jpg\",\"contentUrl\":\"https:\\\/\\\/maxin-prague.cz\\\/wp-content\\\/uploads\\\/2019\\\/10\\\/Panel-debate-at-the-stage-of-Prague-annual-conference-organized-by-Maxin-PRAGUE.jpg\",\"width\":1200,\"height\":800,\"caption\":\"Panel debate at the stage of Prague annual conference organized by Maxin PRAGUE\"},{\"@type\":\"BreadcrumbList\",\"@id\":\"https:\\\/\\\/maxin-prague.cz\\\/en\\\/portfolio-items\\\/annual-prestigious-conference-with-award-ceremony-in-prague\\\/#breadcrumb\",\"itemListElement\":[{\"@type\":\"ListItem\",\"position\":1,\"name\":\"Dom\u016f\",\"item\":\"https:\\\/\\\/maxin-prague.cz\\\/en\\\/\"},{\"@type\":\"ListItem\",\"position\":2,\"name\":\"Portfolio\",\"item\":\"https:\\\/\\\/maxin-prague.cz\\\/en\\\/portfolio-items\\\/\"},{\"@type\":\"ListItem\",\"position\":3,\"name\":\"ANNUAL PRESTIGIOUS CONFERENCE WITH AWARD CEREMONY IN PRAGUE\"}]},{\"@type\":\"WebSite\",\"@id\":\"https:\\\/\\\/maxin-prague.cz\\\/en\\\/#website\",\"url\":\"https:\\\/\\\/maxin-prague.cz\\\/en\\\/\",\"name\":\"Maxin PRAGUE\",\"description\":\"Web \u010desk\u00e9 eventov\u00e9 a DMC agentury Maxin PRAGUE\",\"publisher\":{\"@id\":\"https:\\\/\\\/maxin-prague.cz\\\/en\\\/#organization\"},\"potentialAction\":[{\"@type\":\"SearchAction\",\"target\":{\"@type\":\"EntryPoint\",\"urlTemplate\":\"https:\\\/\\\/maxin-prague.cz\\\/en\\\/?s={search_term_string}\"},\"query-input\":{\"@type\":\"PropertyValueSpecification\",\"valueRequired\":true,\"valueName\":\"search_term_string\"}}],\"inLanguage\":\"en-US\"},{\"@type\":\"Organization\",\"@id\":\"https:\\\/\\\/maxin-prague.cz\\\/en\\\/#organization\",\"name\":\"Maxin PRAGUE\",\"url\":\"https:\\\/\\\/maxin-prague.cz\\\/en\\\/\",\"logo\":{\"@type\":\"ImageObject\",\"inLanguage\":\"en-US\",\"@id\":\"https:\\\/\\\/maxin-prague.cz\\\/en\\\/#\\\/schema\\\/logo\\\/image\\\/\",\"url\":\"https:\\\/\\\/maxin-prague.cz\\\/wp-content\\\/uploads\\\/2019\\\/10\\\/Maxin-PRAGUE-Logo-with-Claim-Open-Graph.jpg\",\"contentUrl\":\"https:\\\/\\\/maxin-prague.cz\\\/wp-content\\\/uploads\\\/2019\\\/10\\\/Maxin-PRAGUE-Logo-with-Claim-Open-Graph.jpg\",\"width\":1200,\"height\":630,\"caption\":\"Maxin PRAGUE\"},\"image\":{\"@id\":\"https:\\\/\\\/maxin-prague.cz\\\/en\\\/#\\\/schema\\\/logo\\\/image\\\/\"},\"sameAs\":[\"https:\\\/\\\/www.facebook.com\\\/MaxinPRAGUE\\\/\"]}]}<\/script>\n<!-- \/ Yoast SEO plugin. -->","yoast_head_json":{"title":"ANNUAL PRESTIGIOUS CONFERENCE WITH AWARD CEREMONY IN PRAGUE - Maxin PRAGUE","robots":{"index":"index","follow":"follow","max-snippet":"max-snippet:-1","max-image-preview":"max-image-preview:large","max-video-preview":"max-video-preview:-1"},"canonical":"https:\/\/maxin-prague.cz\/en\/portfolio-items\/annual-prestigious-conference-with-award-ceremony-in-prague\/","og_locale":"en_US","og_type":"article","og_title":"ANNUAL PRESTIGIOUS CONFERENCE WITH AWARD CEREMONY IN PRAGUE - Maxin PRAGUE","og_url":"https:\/\/maxin-prague.cz\/en\/portfolio-items\/annual-prestigious-conference-with-award-ceremony-in-prague\/","og_site_name":"Maxin PRAGUE","article_publisher":"https:\/\/www.facebook.com\/MaxinPRAGUE\/","article_modified_time":"2019-10-10T10:20:31+00:00","og_image":[{"width":1200,"height":800,"url":"https:\/\/maxin-prague.cz\/wp-content\/uploads\/2019\/10\/Panel-debate-at-the-stage-of-Prague-annual-conference-organized-by-Maxin-PRAGUE.jpg","type":"image\/jpeg"}],"twitter_card":"summary_large_image","twitter_misc":{"Est. reading time":"5 minutes"},"schema":{"@context":"https:\/\/schema.org","@graph":[{"@type":"WebPage","@id":"https:\/\/maxin-prague.cz\/en\/portfolio-items\/annual-prestigious-conference-with-award-ceremony-in-prague\/","url":"https:\/\/maxin-prague.cz\/en\/portfolio-items\/annual-prestigious-conference-with-award-ceremony-in-prague\/","name":"ANNUAL PRESTIGIOUS CONFERENCE WITH AWARD CEREMONY IN PRAGUE - Maxin PRAGUE","isPartOf":{"@id":"https:\/\/maxin-prague.cz\/en\/#website"},"primaryImageOfPage":{"@id":"https:\/\/maxin-prague.cz\/en\/portfolio-items\/annual-prestigious-conference-with-award-ceremony-in-prague\/#primaryimage"},"image":{"@id":"https:\/\/maxin-prague.cz\/en\/portfolio-items\/annual-prestigious-conference-with-award-ceremony-in-prague\/#primaryimage"},"thumbnailUrl":"https:\/\/maxin-prague.cz\/wp-content\/uploads\/2019\/10\/Panel-debate-at-the-stage-of-Prague-annual-conference-organized-by-Maxin-PRAGUE.jpg","datePublished":"2019-10-02T09:58:35+00:00","dateModified":"2019-10-10T10:20:31+00:00","breadcrumb":{"@id":"https:\/\/maxin-prague.cz\/en\/portfolio-items\/annual-prestigious-conference-with-award-ceremony-in-prague\/#breadcrumb"},"inLanguage":"en-US","potentialAction":[{"@type":"ReadAction","target":["https:\/\/maxin-prague.cz\/en\/portfolio-items\/annual-prestigious-conference-with-award-ceremony-in-prague\/"]}]},{"@type":"ImageObject","inLanguage":"en-US","@id":"https:\/\/maxin-prague.cz\/en\/portfolio-items\/annual-prestigious-conference-with-award-ceremony-in-prague\/#primaryimage","url":"https:\/\/maxin-prague.cz\/wp-content\/uploads\/2019\/10\/Panel-debate-at-the-stage-of-Prague-annual-conference-organized-by-Maxin-PRAGUE.jpg","contentUrl":"https:\/\/maxin-prague.cz\/wp-content\/uploads\/2019\/10\/Panel-debate-at-the-stage-of-Prague-annual-conference-organized-by-Maxin-PRAGUE.jpg","width":1200,"height":800,"caption":"Panel debate at the stage of Prague annual conference organized by Maxin PRAGUE"},{"@type":"BreadcrumbList","@id":"https:\/\/maxin-prague.cz\/en\/portfolio-items\/annual-prestigious-conference-with-award-ceremony-in-prague\/#breadcrumb","itemListElement":[{"@type":"ListItem","position":1,"name":"Dom\u016f","item":"https:\/\/maxin-prague.cz\/en\/"},{"@type":"ListItem","position":2,"name":"Portfolio","item":"https:\/\/maxin-prague.cz\/en\/portfolio-items\/"},{"@type":"ListItem","position":3,"name":"ANNUAL PRESTIGIOUS CONFERENCE WITH AWARD CEREMONY IN PRAGUE"}]},{"@type":"WebSite","@id":"https:\/\/maxin-prague.cz\/en\/#website","url":"https:\/\/maxin-prague.cz\/en\/","name":"Maxin PRAGUE","description":"Web \u010desk\u00e9 eventov\u00e9 a DMC agentury Maxin PRAGUE","publisher":{"@id":"https:\/\/maxin-prague.cz\/en\/#organization"},"potentialAction":[{"@type":"SearchAction","target":{"@type":"EntryPoint","urlTemplate":"https:\/\/maxin-prague.cz\/en\/?s={search_term_string}"},"query-input":{"@type":"PropertyValueSpecification","valueRequired":true,"valueName":"search_term_string"}}],"inLanguage":"en-US"},{"@type":"Organization","@id":"https:\/\/maxin-prague.cz\/en\/#organization","name":"Maxin PRAGUE","url":"https:\/\/maxin-prague.cz\/en\/","logo":{"@type":"ImageObject","inLanguage":"en-US","@id":"https:\/\/maxin-prague.cz\/en\/#\/schema\/logo\/image\/","url":"https:\/\/maxin-prague.cz\/wp-content\/uploads\/2019\/10\/Maxin-PRAGUE-Logo-with-Claim-Open-Graph.jpg","contentUrl":"https:\/\/maxin-prague.cz\/wp-content\/uploads\/2019\/10\/Maxin-PRAGUE-Logo-with-Claim-Open-Graph.jpg","width":1200,"height":630,"caption":"Maxin PRAGUE"},"image":{"@id":"https:\/\/maxin-prague.cz\/en\/#\/schema\/logo\/image\/"},"sameAs":["https:\/\/www.facebook.com\/MaxinPRAGUE\/"]}]}},"_links":{"self":[{"href":"https:\/\/maxin-prague.cz\/en\/wp-json\/wp\/v2\/avada_portfolio\/2196","targetHints":{"allow":["GET"]}}],"collection":[{"href":"https:\/\/maxin-prague.cz\/en\/wp-json\/wp\/v2\/avada_portfolio"}],"about":[{"href":"https:\/\/maxin-prague.cz\/en\/wp-json\/wp\/v2\/types\/avada_portfolio"}],"author":[{"embeddable":true,"href":"https:\/\/maxin-prague.cz\/en\/wp-json\/wp\/v2\/users\/4"}],"replies":[{"embeddable":true,"href":"https:\/\/maxin-prague.cz\/en\/wp-json\/wp\/v2\/comments?post=2196"}],"version-history":[{"count":0,"href":"https:\/\/maxin-prague.cz\/en\/wp-json\/wp\/v2\/avada_portfolio\/2196\/revisions"}],"wp:featuredmedia":[{"embeddable":true,"href":"https:\/\/maxin-prague.cz\/en\/wp-json\/wp\/v2\/media\/2169"}],"wp:attachment":[{"href":"https:\/\/maxin-prague.cz\/en\/wp-json\/wp\/v2\/media?parent=2196"}],"wp:term":[{"taxonomy":"portfolio_category","embeddable":true,"href":"https:\/\/maxin-prague.cz\/en\/wp-json\/wp\/v2\/portfolio_category?post=2196"},{"taxonomy":"portfolio_skills","embeddable":true,"href":"https:\/\/maxin-prague.cz\/en\/wp-json\/wp\/v2\/portfolio_skills?post=2196"},{"taxonomy":"portfolio_tags","embeddable":true,"href":"https:\/\/maxin-prague.cz\/en\/wp-json\/wp\/v2\/portfolio_tags?post=2196"}],"curies":[{"name":"wp","href":"https:\/\/api.w.org\/{rel}","templated":true}]}}