{"id":4655,"date":"2025-04-29T11:06:49","date_gmt":"2025-04-29T11:06:49","guid":{"rendered":"https:\/\/maxin-prague.cz\/portfolio-items\/setkejte-se-s-nasim-ceo-na-veletrhu-imex-ve-frankfurtu\/"},"modified":"2025-05-01T04:22:38","modified_gmt":"2025-05-01T04:22:38","slug":"meet-our-ceo-at-imex-frankfurt-2025","status":"publish","type":"avada_portfolio","link":"https:\/\/maxin-prague.cz\/en\/portfolio-items\/meet-our-ceo-at-imex-frankfurt-2025\/","title":{"rendered":"Meet Our CEO at IMEX Frankfurt 2025"},"content":{"rendered":"<p><div class=\"fusion-fullwidth fullwidth-box fusion-builder-row-1 fusion-flex-container has-pattern-background has-mask-background nonhundred-percent-fullwidth non-hundred-percent-height-scrolling\" style=\"--awb-border-radius-top-left:0px;--awb-border-radius-top-right:0px;--awb-border-radius-bottom-right:0px;--awb-border-radius-bottom-left:0px;--awb-flex-wrap:wrap;\" ><div class=\"fusion-builder-row fusion-row fusion-flex-align-items-flex-start fusion-flex-content-wrap\" style=\"max-width:1664px;margin-left: calc(-4% \/ 2 );margin-right: calc(-4% \/ 2 );\"><div class=\"fusion-layout-column fusion_builder_column fusion-builder-column-0 fusion_builder_column_1_1 1_1 fusion-flex-column\" style=\"--awb-bg-size:cover;--awb-width-large:100%;--awb-margin-top-large:0px;--awb-spacing-right-large:1.92%;--awb-margin-bottom-large:0px;--awb-spacing-left-large:1.92%;--awb-width-medium:100%;--awb-spacing-right-medium:1.92%;--awb-spacing-left-medium:1.92%;--awb-width-small:100%;--awb-spacing-right-small:1.92%;--awb-spacing-left-small:1.92%;\"><div class=\"fusion-column-wrapper fusion-flex-justify-content-flex-start fusion-content-layout-column\"><div class=\"fusion-title title fusion-title-1 fusion-sep-none fusion-title-center fusion-title-text fusion-title-size-one\" style=\"--awb-margin-bottom:20px;--awb-margin-top-small:0px;--awb-margin-right-small:0px;--awb-margin-bottom-small:0px;--awb-margin-left-small:0px;\"><h1 class=\"fusion-title-heading title-heading-center fusion-responsive-typography-calculated\" style=\"margin:0;--fontSize:35;line-height:1.34;\"><p class=\"vC7TJ allowTextSelection\"><strong>Meet Our CEO at IMEX Frankfurt 2025<\/strong><\/p><\/h1><\/div><div class=\"fusion-image-element \" style=\"text-align:center;--awb-margin-bottom:25px;--awb-caption-title-font-family:var(--h2_typography-font-family);--awb-caption-title-font-weight:var(--h2_typography-font-weight);--awb-caption-title-font-style:var(--h2_typography-font-style);--awb-caption-title-size:var(--h2_typography-font-size);--awb-caption-title-transform:var(--h2_typography-text-transform);--awb-caption-title-line-height:var(--h2_typography-line-height);--awb-caption-title-letter-spacing:var(--h2_typography-letter-spacing);\"><span class=\" fusion-imageframe imageframe-none imageframe-1 hover-type-none\"><img decoding=\"async\" width=\"800\" height=\"600\" alt=\"Setkejte se s na\u0161\u00edm CEO na veletrhu IMEX ve Frankfurtu\" title=\"Meet Our CEO at IMEX Frankfurt 2025\" src=\"https:\/\/maxin-prague.cz\/wp-content\/uploads\/2025\/04\/Meet-Our-CEO-at-IMEX-Frankfurt-2025.jpg\" data-orig-src=\"https:\/\/maxin-prague.cz\/wp-content\/uploads\/2025\/04\/Meet-Our-CEO-at-IMEX-Frankfurt-2025.jpg\" class=\"lazyload img-responsive wp-image-4649\" srcset=\"data:image\/svg+xml,%3Csvg%20xmlns%3D%27http%3A%2F%2Fwww.w3.org%2F2000%2Fsvg%27%20width%3D%27800%27%20height%3D%27600%27%20viewBox%3D%270%200%20800%20600%27%3E%3Crect%20width%3D%27800%27%20height%3D%27600%27%20fill-opacity%3D%220%22%2F%3E%3C%2Fsvg%3E\" data-srcset=\"https:\/\/maxin-prague.cz\/wp-content\/uploads\/2025\/04\/Meet-Our-CEO-at-IMEX-Frankfurt-2025-200x150.jpg 200w, https:\/\/maxin-prague.cz\/wp-content\/uploads\/2025\/04\/Meet-Our-CEO-at-IMEX-Frankfurt-2025-400x300.jpg 400w, https:\/\/maxin-prague.cz\/wp-content\/uploads\/2025\/04\/Meet-Our-CEO-at-IMEX-Frankfurt-2025-600x450.jpg 600w, https:\/\/maxin-prague.cz\/wp-content\/uploads\/2025\/04\/Meet-Our-CEO-at-IMEX-Frankfurt-2025.jpg 800w\" data-sizes=\"auto\" data-orig-sizes=\"(max-width: 1024px) 100vw, (max-width: 640px) 100vw, 800px\" \/><\/span><\/div><\/div><\/div><\/div><\/div><div class=\"fusion-fullwidth fullwidth-box fusion-builder-row-2 fusion-flex-container nonhundred-percent-fullwidth non-hundred-percent-height-scrolling\" style=\"--awb-border-radius-top-left:0px;--awb-border-radius-top-right:0px;--awb-border-radius-bottom-right:0px;--awb-border-radius-bottom-left:0px;--awb-flex-wrap:wrap;\" ><div class=\"fusion-builder-row fusion-row fusion-flex-align-items-flex-start fusion-flex-content-wrap\" style=\"max-width:calc( 1600px + 0px );margin-left: calc(-0px \/ 2 );margin-right: calc(-0px \/ 2 );\"><div class=\"fusion-layout-column fusion_builder_column fusion-builder-column-1 fusion_builder_column_1_1 1_1 fusion-flex-column\" style=\"--awb-bg-size:cover;--awb-width-large:100%;--awb-margin-top-large:0px;--awb-spacing-right-large:0px;--awb-margin-bottom-large:0px;--awb-spacing-left-large:0px;--awb-width-medium:100%;--awb-spacing-right-medium:0px;--awb-spacing-left-medium:0px;--awb-width-small:100%;--awb-spacing-right-small:0px;--awb-spacing-left-small:0px;\"><div class=\"fusion-column-wrapper fusion-flex-justify-content-flex-start fusion-content-layout-column\"><div class=\"fusion-text fusion-text-1\"><p class=\"vC7TJ allowTextSelection\">We are excited to share that our CEO, Jakub \u0160kor\u00edk, will be attending IMEX Frankfurt from May 20th to 22nd, 2025!<\/p>\n<p class=\"vC7TJ allowTextSelection\">Jakub will represent both Maxin PRAGUE and Catalyst Czech Republic at this leading global event for the meetings and events industry.<\/p>\n<p class=\"vC7TJ allowTextSelection\">If you are planning to attend IMEX, do not miss the chance to meet Jakub in person. Whether you are looking to plan unforgettable events in the Czech Republic or explore innovative teambuilding solutions, Jakub will be there to connect, share ideas, and discuss new opportunities.<\/p>\n<p class=\"vC7TJ allowTextSelection\">We look forward to seeing you in Frankfurt!<\/p>\n<\/div><\/div><\/div><\/div><\/div><\/p>\n","protected":false},"excerpt":{"rendered":"<p>29.04.2025 Meet Our CEO at IMEX Frankfurt 202529.05.2025 <a href=\"https:\/\/maxin-prague.cz\/portfolio-items\/meet-our-ceo-at-imex-frankfurt-2025\/\">(read more)<\/a><\/p>\n","protected":false},"author":13,"featured_media":4652,"menu_order":0,"comment_status":"closed","ping_status":"closed","template":"","format":"standard","meta":{"footnotes":""},"portfolio_category":[115],"portfolio_skills":[],"portfolio_tags":[],"class_list":["post-4655","avada_portfolio","type-avada_portfolio","status-publish","format-standard","has-post-thumbnail","hentry","portfolio_category-mice-prague-blog"],"yoast_head":"<!-- This site is optimized with the Yoast SEO plugin v27.4 - https:\/\/yoast.com\/product\/yoast-seo-wordpress\/ -->\n<title>Meet Our CEO at IMEX Frankfurt 2025<\/title>\n<meta name=\"description\" content=\"Heading to the IMEX trade fair? Don\u2019t miss the chance to meet Jakub \u0160kor\u00edk, CEO of Maxin PRAGUE and Catalyst Czech Republic, in person!\" \/>\n<meta name=\"robots\" content=\"index, follow, max-snippet:-1, max-image-preview:large, max-video-preview:-1\" \/>\n<link rel=\"canonical\" href=\"https:\/\/maxin-prague.cz\/en\/portfolio-items\/meet-our-ceo-at-imex-frankfurt-2025\/\" \/>\n<meta property=\"og:locale\" content=\"en_US\" \/>\n<meta property=\"og:type\" content=\"article\" \/>\n<meta property=\"og:title\" content=\"Meet Our CEO at IMEX Frankfurt 2025\" \/>\n<meta property=\"og:description\" content=\"Heading to the IMEX trade fair? Don\u2019t miss the chance to meet Jakub \u0160kor\u00edk, CEO of Maxin PRAGUE and Catalyst Czech Republic, in person!\" \/>\n<meta property=\"og:url\" content=\"https:\/\/maxin-prague.cz\/en\/portfolio-items\/meet-our-ceo-at-imex-frankfurt-2025\/\" \/>\n<meta property=\"og:site_name\" content=\"Maxin PRAGUE\" \/>\n<meta property=\"article:publisher\" content=\"https:\/\/www.facebook.com\/MaxinPRAGUE\/\" \/>\n<meta property=\"article:modified_time\" content=\"2025-05-01T04:22:38+00:00\" \/>\n<meta property=\"og:image\" content=\"https:\/\/maxin-prague.cz\/wp-content\/uploads\/2025\/04\/Meet-Our-CEO-at-IMEX-Frankfurt-2025-nahled.jpg\" \/>\n\t<meta property=\"og:image:width\" content=\"300\" \/>\n\t<meta property=\"og:image:height\" content=\"225\" \/>\n\t<meta property=\"og:image:type\" content=\"image\/jpeg\" \/>\n<meta name=\"twitter:card\" content=\"summary_large_image\" \/>\n<meta name=\"twitter:label1\" content=\"Est. reading time\" \/>\n\t<meta name=\"twitter:data1\" content=\"1 minute\" \/>\n<script type=\"application\/ld+json\" class=\"yoast-schema-graph\">{\"@context\":\"https:\\\/\\\/schema.org\",\"@graph\":[{\"@type\":\"WebPage\",\"@id\":\"https:\\\/\\\/maxin-prague.cz\\\/en\\\/portfolio-items\\\/meet-our-ceo-at-imex-frankfurt-2025\\\/\",\"url\":\"https:\\\/\\\/maxin-prague.cz\\\/en\\\/portfolio-items\\\/meet-our-ceo-at-imex-frankfurt-2025\\\/\",\"name\":\"Meet Our CEO at IMEX Frankfurt 2025\",\"isPartOf\":{\"@id\":\"https:\\\/\\\/maxin-prague.cz\\\/en\\\/#website\"},\"primaryImageOfPage\":{\"@id\":\"https:\\\/\\\/maxin-prague.cz\\\/en\\\/portfolio-items\\\/meet-our-ceo-at-imex-frankfurt-2025\\\/#primaryimage\"},\"image\":{\"@id\":\"https:\\\/\\\/maxin-prague.cz\\\/en\\\/portfolio-items\\\/meet-our-ceo-at-imex-frankfurt-2025\\\/#primaryimage\"},\"thumbnailUrl\":\"https:\\\/\\\/maxin-prague.cz\\\/wp-content\\\/uploads\\\/2025\\\/04\\\/Meet-Our-CEO-at-IMEX-Frankfurt-2025-nahled.jpg\",\"datePublished\":\"2025-04-29T11:06:49+00:00\",\"dateModified\":\"2025-05-01T04:22:38+00:00\",\"description\":\"Heading to the IMEX trade fair? Don\u2019t miss the chance to meet Jakub \u0160kor\u00edk, CEO of Maxin PRAGUE and Catalyst Czech Republic, in person!\",\"breadcrumb\":{\"@id\":\"https:\\\/\\\/maxin-prague.cz\\\/en\\\/portfolio-items\\\/meet-our-ceo-at-imex-frankfurt-2025\\\/#breadcrumb\"},\"inLanguage\":\"en-US\",\"potentialAction\":[{\"@type\":\"ReadAction\",\"target\":[\"https:\\\/\\\/maxin-prague.cz\\\/en\\\/portfolio-items\\\/meet-our-ceo-at-imex-frankfurt-2025\\\/\"]}]},{\"@type\":\"ImageObject\",\"inLanguage\":\"en-US\",\"@id\":\"https:\\\/\\\/maxin-prague.cz\\\/en\\\/portfolio-items\\\/meet-our-ceo-at-imex-frankfurt-2025\\\/#primaryimage\",\"url\":\"https:\\\/\\\/maxin-prague.cz\\\/wp-content\\\/uploads\\\/2025\\\/04\\\/Meet-Our-CEO-at-IMEX-Frankfurt-2025-nahled.jpg\",\"contentUrl\":\"https:\\\/\\\/maxin-prague.cz\\\/wp-content\\\/uploads\\\/2025\\\/04\\\/Meet-Our-CEO-at-IMEX-Frankfurt-2025-nahled.jpg\",\"width\":300,\"height\":225},{\"@type\":\"BreadcrumbList\",\"@id\":\"https:\\\/\\\/maxin-prague.cz\\\/en\\\/portfolio-items\\\/meet-our-ceo-at-imex-frankfurt-2025\\\/#breadcrumb\",\"itemListElement\":[{\"@type\":\"ListItem\",\"position\":1,\"name\":\"Dom\u016f\",\"item\":\"https:\\\/\\\/maxin-prague.cz\\\/en\\\/\"},{\"@type\":\"ListItem\",\"position\":2,\"name\":\"Portfolio\",\"item\":\"https:\\\/\\\/maxin-prague.cz\\\/en\\\/portfolio-items\\\/\"},{\"@type\":\"ListItem\",\"position\":3,\"name\":\"Meet Our CEO at IMEX Frankfurt 2025\"}]},{\"@type\":\"WebSite\",\"@id\":\"https:\\\/\\\/maxin-prague.cz\\\/en\\\/#website\",\"url\":\"https:\\\/\\\/maxin-prague.cz\\\/en\\\/\",\"name\":\"Maxin PRAGUE\",\"description\":\"Web \u010desk\u00e9 eventov\u00e9 a DMC agentury Maxin PRAGUE\",\"publisher\":{\"@id\":\"https:\\\/\\\/maxin-prague.cz\\\/en\\\/#organization\"},\"potentialAction\":[{\"@type\":\"SearchAction\",\"target\":{\"@type\":\"EntryPoint\",\"urlTemplate\":\"https:\\\/\\\/maxin-prague.cz\\\/en\\\/?s={search_term_string}\"},\"query-input\":{\"@type\":\"PropertyValueSpecification\",\"valueRequired\":true,\"valueName\":\"search_term_string\"}}],\"inLanguage\":\"en-US\"},{\"@type\":\"Organization\",\"@id\":\"https:\\\/\\\/maxin-prague.cz\\\/en\\\/#organization\",\"name\":\"Maxin PRAGUE\",\"url\":\"https:\\\/\\\/maxin-prague.cz\\\/en\\\/\",\"logo\":{\"@type\":\"ImageObject\",\"inLanguage\":\"en-US\",\"@id\":\"https:\\\/\\\/maxin-prague.cz\\\/en\\\/#\\\/schema\\\/logo\\\/image\\\/\",\"url\":\"https:\\\/\\\/maxin-prague.cz\\\/wp-content\\\/uploads\\\/2019\\\/10\\\/Maxin-PRAGUE-Logo-with-Claim-Open-Graph.jpg\",\"contentUrl\":\"https:\\\/\\\/maxin-prague.cz\\\/wp-content\\\/uploads\\\/2019\\\/10\\\/Maxin-PRAGUE-Logo-with-Claim-Open-Graph.jpg\",\"width\":1200,\"height\":630,\"caption\":\"Maxin PRAGUE\"},\"image\":{\"@id\":\"https:\\\/\\\/maxin-prague.cz\\\/en\\\/#\\\/schema\\\/logo\\\/image\\\/\"},\"sameAs\":[\"https:\\\/\\\/www.facebook.com\\\/MaxinPRAGUE\\\/\"]}]}<\/script>\n<!-- \/ Yoast SEO plugin. -->","yoast_head_json":{"title":"Meet Our CEO at IMEX Frankfurt 2025","description":"Heading to the IMEX trade fair? Don\u2019t miss the chance to meet Jakub \u0160kor\u00edk, CEO of Maxin PRAGUE and Catalyst Czech Republic, in person!","robots":{"index":"index","follow":"follow","max-snippet":"max-snippet:-1","max-image-preview":"max-image-preview:large","max-video-preview":"max-video-preview:-1"},"canonical":"https:\/\/maxin-prague.cz\/en\/portfolio-items\/meet-our-ceo-at-imex-frankfurt-2025\/","og_locale":"en_US","og_type":"article","og_title":"Meet Our CEO at IMEX Frankfurt 2025","og_description":"Heading to the IMEX trade fair? Don\u2019t miss the chance to meet Jakub \u0160kor\u00edk, CEO of Maxin PRAGUE and Catalyst Czech Republic, in person!","og_url":"https:\/\/maxin-prague.cz\/en\/portfolio-items\/meet-our-ceo-at-imex-frankfurt-2025\/","og_site_name":"Maxin PRAGUE","article_publisher":"https:\/\/www.facebook.com\/MaxinPRAGUE\/","article_modified_time":"2025-05-01T04:22:38+00:00","og_image":[{"width":300,"height":225,"url":"https:\/\/maxin-prague.cz\/wp-content\/uploads\/2025\/04\/Meet-Our-CEO-at-IMEX-Frankfurt-2025-nahled.jpg","type":"image\/jpeg"}],"twitter_card":"summary_large_image","twitter_misc":{"Est. reading time":"1 minute"},"schema":{"@context":"https:\/\/schema.org","@graph":[{"@type":"WebPage","@id":"https:\/\/maxin-prague.cz\/en\/portfolio-items\/meet-our-ceo-at-imex-frankfurt-2025\/","url":"https:\/\/maxin-prague.cz\/en\/portfolio-items\/meet-our-ceo-at-imex-frankfurt-2025\/","name":"Meet Our CEO at IMEX Frankfurt 2025","isPartOf":{"@id":"https:\/\/maxin-prague.cz\/en\/#website"},"primaryImageOfPage":{"@id":"https:\/\/maxin-prague.cz\/en\/portfolio-items\/meet-our-ceo-at-imex-frankfurt-2025\/#primaryimage"},"image":{"@id":"https:\/\/maxin-prague.cz\/en\/portfolio-items\/meet-our-ceo-at-imex-frankfurt-2025\/#primaryimage"},"thumbnailUrl":"https:\/\/maxin-prague.cz\/wp-content\/uploads\/2025\/04\/Meet-Our-CEO-at-IMEX-Frankfurt-2025-nahled.jpg","datePublished":"2025-04-29T11:06:49+00:00","dateModified":"2025-05-01T04:22:38+00:00","description":"Heading to the IMEX trade fair? Don\u2019t miss the chance to meet Jakub \u0160kor\u00edk, CEO of Maxin PRAGUE and Catalyst Czech Republic, in person!","breadcrumb":{"@id":"https:\/\/maxin-prague.cz\/en\/portfolio-items\/meet-our-ceo-at-imex-frankfurt-2025\/#breadcrumb"},"inLanguage":"en-US","potentialAction":[{"@type":"ReadAction","target":["https:\/\/maxin-prague.cz\/en\/portfolio-items\/meet-our-ceo-at-imex-frankfurt-2025\/"]}]},{"@type":"ImageObject","inLanguage":"en-US","@id":"https:\/\/maxin-prague.cz\/en\/portfolio-items\/meet-our-ceo-at-imex-frankfurt-2025\/#primaryimage","url":"https:\/\/maxin-prague.cz\/wp-content\/uploads\/2025\/04\/Meet-Our-CEO-at-IMEX-Frankfurt-2025-nahled.jpg","contentUrl":"https:\/\/maxin-prague.cz\/wp-content\/uploads\/2025\/04\/Meet-Our-CEO-at-IMEX-Frankfurt-2025-nahled.jpg","width":300,"height":225},{"@type":"BreadcrumbList","@id":"https:\/\/maxin-prague.cz\/en\/portfolio-items\/meet-our-ceo-at-imex-frankfurt-2025\/#breadcrumb","itemListElement":[{"@type":"ListItem","position":1,"name":"Dom\u016f","item":"https:\/\/maxin-prague.cz\/en\/"},{"@type":"ListItem","position":2,"name":"Portfolio","item":"https:\/\/maxin-prague.cz\/en\/portfolio-items\/"},{"@type":"ListItem","position":3,"name":"Meet Our CEO at IMEX Frankfurt 2025"}]},{"@type":"WebSite","@id":"https:\/\/maxin-prague.cz\/en\/#website","url":"https:\/\/maxin-prague.cz\/en\/","name":"Maxin PRAGUE","description":"Web \u010desk\u00e9 eventov\u00e9 a DMC agentury Maxin PRAGUE","publisher":{"@id":"https:\/\/maxin-prague.cz\/en\/#organization"},"potentialAction":[{"@type":"SearchAction","target":{"@type":"EntryPoint","urlTemplate":"https:\/\/maxin-prague.cz\/en\/?s={search_term_string}"},"query-input":{"@type":"PropertyValueSpecification","valueRequired":true,"valueName":"search_term_string"}}],"inLanguage":"en-US"},{"@type":"Organization","@id":"https:\/\/maxin-prague.cz\/en\/#organization","name":"Maxin PRAGUE","url":"https:\/\/maxin-prague.cz\/en\/","logo":{"@type":"ImageObject","inLanguage":"en-US","@id":"https:\/\/maxin-prague.cz\/en\/#\/schema\/logo\/image\/","url":"https:\/\/maxin-prague.cz\/wp-content\/uploads\/2019\/10\/Maxin-PRAGUE-Logo-with-Claim-Open-Graph.jpg","contentUrl":"https:\/\/maxin-prague.cz\/wp-content\/uploads\/2019\/10\/Maxin-PRAGUE-Logo-with-Claim-Open-Graph.jpg","width":1200,"height":630,"caption":"Maxin PRAGUE"},"image":{"@id":"https:\/\/maxin-prague.cz\/en\/#\/schema\/logo\/image\/"},"sameAs":["https:\/\/www.facebook.com\/MaxinPRAGUE\/"]}]}},"_links":{"self":[{"href":"https:\/\/maxin-prague.cz\/en\/wp-json\/wp\/v2\/avada_portfolio\/4655","targetHints":{"allow":["GET"]}}],"collection":[{"href":"https:\/\/maxin-prague.cz\/en\/wp-json\/wp\/v2\/avada_portfolio"}],"about":[{"href":"https:\/\/maxin-prague.cz\/en\/wp-json\/wp\/v2\/types\/avada_portfolio"}],"author":[{"embeddable":true,"href":"https:\/\/maxin-prague.cz\/en\/wp-json\/wp\/v2\/users\/13"}],"replies":[{"embeddable":true,"href":"https:\/\/maxin-prague.cz\/en\/wp-json\/wp\/v2\/comments?post=4655"}],"version-history":[{"count":10,"href":"https:\/\/maxin-prague.cz\/en\/wp-json\/wp\/v2\/avada_portfolio\/4655\/revisions"}],"predecessor-version":[{"id":4667,"href":"https:\/\/maxin-prague.cz\/en\/wp-json\/wp\/v2\/avada_portfolio\/4655\/revisions\/4667"}],"wp:featuredmedia":[{"embeddable":true,"href":"https:\/\/maxin-prague.cz\/en\/wp-json\/wp\/v2\/media\/4652"}],"wp:attachment":[{"href":"https:\/\/maxin-prague.cz\/en\/wp-json\/wp\/v2\/media?parent=4655"}],"wp:term":[{"taxonomy":"portfolio_category","embeddable":true,"href":"https:\/\/maxin-prague.cz\/en\/wp-json\/wp\/v2\/portfolio_category?post=4655"},{"taxonomy":"portfolio_skills","embeddable":true,"href":"https:\/\/maxin-prague.cz\/en\/wp-json\/wp\/v2\/portfolio_skills?post=4655"},{"taxonomy":"portfolio_tags","embeddable":true,"href":"https:\/\/maxin-prague.cz\/en\/wp-json\/wp\/v2\/portfolio_tags?post=4655"}],"curies":[{"name":"wp","href":"https:\/\/api.w.org\/{rel}","templated":true}]}}