{"id":5391,"date":"2026-04-29T15:16:57","date_gmt":"2026-04-29T15:16:57","guid":{"rendered":"https:\/\/maxin-prague.cz\/portfolio-items\/maxin-prague-at-imex-frankfurt-2026\/"},"modified":"2026-04-29T15:21:32","modified_gmt":"2026-04-29T15:21:32","slug":"maxin-prague-at-imex-frankfurt-2026","status":"publish","type":"avada_portfolio","link":"https:\/\/maxin-prague.cz\/en\/portfolio-items\/maxin-prague-at-imex-frankfurt-2026\/","title":{"rendered":"Maxin PRAGUE at IMEX Frankfurt 2026"},"content":{"rendered":"<p><div class=\"fusion-fullwidth fullwidth-box fusion-builder-row-1 fusion-flex-container has-pattern-background has-mask-background nonhundred-percent-fullwidth non-hundred-percent-height-scrolling\" style=\"--awb-border-radius-top-left:0px;--awb-border-radius-top-right:0px;--awb-border-radius-bottom-right:0px;--awb-border-radius-bottom-left:0px;--awb-flex-wrap:wrap;\" ><div class=\"fusion-builder-row fusion-row fusion-flex-align-items-flex-start fusion-flex-content-wrap\" style=\"max-width:1664px;margin-left: calc(-4% \/ 2 );margin-right: calc(-4% \/ 2 );\"><div class=\"fusion-layout-column fusion_builder_column fusion-builder-column-0 fusion_builder_column_1_1 1_1 fusion-flex-column\" style=\"--awb-bg-size:cover;--awb-width-large:100%;--awb-margin-top-large:0px;--awb-spacing-right-large:1.92%;--awb-margin-bottom-large:0px;--awb-spacing-left-large:1.92%;--awb-width-medium:100%;--awb-spacing-right-medium:1.92%;--awb-spacing-left-medium:1.92%;--awb-width-small:100%;--awb-spacing-right-small:1.92%;--awb-spacing-left-small:1.92%;\"><div class=\"fusion-column-wrapper fusion-flex-justify-content-flex-start fusion-content-layout-column\"><div class=\"fusion-title title fusion-title-1 fusion-sep-none fusion-title-center fusion-title-text fusion-title-size-one\" style=\"--awb-margin-bottom:20px;--awb-margin-top-small:0px;--awb-margin-right-small:0px;--awb-margin-bottom-small:0px;--awb-margin-left-small:0px;\"><h1 class=\"fusion-title-heading title-heading-center fusion-responsive-typography-calculated\" style=\"margin:0;--fontSize:35;line-height:1.34;\"><span class=\"TextRun SCXW177403902 BCX4\" lang=\"CS-CZ\" xml:lang=\"CS-CZ\" data-contrast=\"auto\"><span class=\"NormalTextRun SCXW177403902 BCX4\" data-ccp-parastyle=\"Title\">Maxin<\/span><span class=\"NormalTextRun SCXW177403902 BCX4\" data-ccp-parastyle=\"Title\"> PRAGUE at <\/span><span class=\"NormalTextRun SCXW177403902 BCX4\" data-ccp-parastyle=\"Title\">IMEX<\/span><span class=\"NormalTextRun SCXW177403902 BCX4\" data-ccp-parastyle=\"Title\"> Frankfurt<\/span><\/span><span class=\"EOP Selected SCXW177403902 BCX4\" data-ccp-props=\"\"> 2026<\/span><\/h1><\/div><div class=\"fusion-image-element \" style=\"text-align:center;--awb-margin-bottom:25px;--awb-caption-title-font-family:var(--h2_typography-font-family);--awb-caption-title-font-weight:var(--h2_typography-font-weight);--awb-caption-title-font-style:var(--h2_typography-font-style);--awb-caption-title-size:var(--h2_typography-font-size);--awb-caption-title-transform:var(--h2_typography-text-transform);--awb-caption-title-line-height:var(--h2_typography-line-height);--awb-caption-title-letter-spacing:var(--h2_typography-letter-spacing);\"><span class=\" fusion-imageframe imageframe-none imageframe-1 hover-type-none\"><img decoding=\"async\" width=\"800\" height=\"524\" alt=\"IMEX Frankfurt 2026 Logo\" title=\"IMEX Frankfurt 2026 Logo 800 px\" src=\"https:\/\/maxin-prague.cz\/wp-content\/uploads\/2026\/04\/IMEX-Frankfurt-2026-Logo-800-px.jpg\" data-orig-src=\"https:\/\/maxin-prague.cz\/wp-content\/uploads\/2026\/04\/IMEX-Frankfurt-2026-Logo-800-px.jpg\" class=\"lazyload img-responsive wp-image-5383\" srcset=\"data:image\/svg+xml,%3Csvg%20xmlns%3D%27http%3A%2F%2Fwww.w3.org%2F2000%2Fsvg%27%20width%3D%27800%27%20height%3D%27524%27%20viewBox%3D%270%200%20800%20524%27%3E%3Crect%20width%3D%27800%27%20height%3D%27524%27%20fill-opacity%3D%220%22%2F%3E%3C%2Fsvg%3E\" data-srcset=\"https:\/\/maxin-prague.cz\/wp-content\/uploads\/2026\/04\/IMEX-Frankfurt-2026-Logo-800-px-200x131.jpg 200w, https:\/\/maxin-prague.cz\/wp-content\/uploads\/2026\/04\/IMEX-Frankfurt-2026-Logo-800-px-400x262.jpg 400w, https:\/\/maxin-prague.cz\/wp-content\/uploads\/2026\/04\/IMEX-Frankfurt-2026-Logo-800-px-600x393.jpg 600w, https:\/\/maxin-prague.cz\/wp-content\/uploads\/2026\/04\/IMEX-Frankfurt-2026-Logo-800-px.jpg 800w\" data-sizes=\"auto\" data-orig-sizes=\"(max-width: 1024px) 100vw, (max-width: 640px) 100vw, 800px\" \/><\/span><\/div><\/div><\/div><\/div><\/div><div class=\"fusion-fullwidth fullwidth-box fusion-builder-row-2 fusion-flex-container nonhundred-percent-fullwidth non-hundred-percent-height-scrolling\" style=\"--awb-border-radius-top-left:0px;--awb-border-radius-top-right:0px;--awb-border-radius-bottom-right:0px;--awb-border-radius-bottom-left:0px;--awb-flex-wrap:wrap;\" ><div class=\"fusion-builder-row fusion-row fusion-flex-align-items-flex-start fusion-flex-content-wrap\" style=\"max-width:1664px;margin-left: calc(-4% \/ 2 );margin-right: calc(-4% \/ 2 );\"><div class=\"fusion-layout-column fusion_builder_column fusion-builder-column-1 fusion_builder_column_1_1 1_1 fusion-flex-column\" style=\"--awb-bg-size:cover;--awb-width-large:100%;--awb-margin-top-large:0px;--awb-spacing-right-large:1.92%;--awb-margin-bottom-large:0px;--awb-spacing-left-large:1.92%;--awb-width-medium:100%;--awb-spacing-right-medium:1.92%;--awb-spacing-left-medium:1.92%;--awb-width-small:100%;--awb-spacing-right-small:1.92%;--awb-spacing-left-small:1.92%;\"><div class=\"fusion-column-wrapper fusion-flex-justify-content-flex-start fusion-content-layout-column\"><div class=\"fusion-text fusion-text-1\"><p><span data-contrast=\"none\">Visit us at stand D155<\/span><span data-ccp-props=\"\">\u00a0<\/span><\/p>\n<p><span data-contrast=\"auto\">Dear business friends, we have great news for you \u2013 Maxin Prague will be part of the prestigious event professionals' fair IMEX in Frankfurt again this year! Come visit us. You can expect inspiration, news from the world of incentive programs and, most importantly, a great atmosphere full of networking opportunities. The Frankfurt exhibition center will once again become a place where the greatest people in the industry meet. Be with us!<\/span><span data-ccp-props=\"\">\u00a0<\/span><\/p>\n<p><span data-contrast=\"auto\">You can find us at stand D155 \u2013 we will be happy to introduce you to our new services, current trends and tips on how to take your incentive programs to the next level. Do you want to talk to us in peace and in person? Just arrange a meeting with our Managing Director Jakub \u0160kor\u00edk. Get in touch with us and we will find the ideal time together or book your preferred time directly <\/span><a href=\"https:\/\/Maxin%20Prague%20at%20Imex%20Frankfurt%20Visit%20us%20at%20stand%20D155%20Dear%20business%20friends,%20we%20have%20great%20news%20for%20you%20\u2013%20Maxin%20Prague%20will%20be%20part%20of%20the%20prestigious%20event%20professionals'%20fair%20IMEX%20in%20Frankfurt%20again%20this%20year!%20Come%20and%20see%20us,%20you%20can%20expect%20inspiration,%20news%20from%20the%20world%20of%20incentive%20programs%20and,%20most%20importantly,%20a%20great%20atmosphere%20full%20of%20networking%20opportunities.%20The%20Frankfurt%20exhibition%20center%20will%20once%20again%20become%20a%20place%20where%20the%20greatest%20people%20in%20the%20industry%20meet.%20Be%20with%20us!%20%20You%20can%20find%20us%20at%20stand%20D155%20\u2013%20we%20will%20be%20happy%20to%20introduce%20you%20to%20our%20new%20services,%20current%20trends%20and%20tips%20on%20how%20to%20take%20your%20incentive%20programs%20to%20the%20next%20level.%20Do%20you%20want%20to%20talk%20to%20us%20in%20peace%20and%20in%20person?%20Just%20arrange%20a%20meeting%20with%20our%20executive%20director%20Jakub%20\u0160kor\u00edk.%20Get%20in%20touch%20with%20us%20and%20we%20will%20find%20the%20ideal%20time%20together%20or%20book%20your%20preferred%20time%20directly%20at%20this%20link.%20We%20look%20forward%20to%20seeing%20you!%20%20Maxin%20Prague%20at%20stand%20D155%20in%20Frankfurt%20is%20here%20for%20you.%20Together%20we%20will%20take%20your%20incentive%20programs%20one%20step%20further.%20We%20look%20forward%20to%20seeing%20you!\"><span data-contrast=\"none\">at this link<\/span><\/a><span data-contrast=\"auto\">.\u00a0<\/span><\/p>\n<p><span data-contrast=\"auto\">Maxin Prague is here for you in Frankfurt at stand D155. Together, we will take your incentive programs to the next level. We look forward to seeing you!<\/span><span data-ccp-props=\"\">\u00a0<\/span><\/p>\n<p>Should you have any questions, please do not hesitate to contact us at sales@maxin-prague.cz or by phone at +420 775 867 461.<\/p>\n<\/div><\/div><\/div><\/div><\/div><\/p>\n","protected":false},"excerpt":{"rendered":"<p>April 24, 2026 Meet Maxin Prague at IMEX Frankfurt 2026 at booth D155. Discover the latest trends and schedule a personal meeting with our team. <a href=\"https:\/\/maxin-prague.cz\/en\/portfolio-items\/maxin-prague-at-imex-frankfurt-2026\/\">(Read more&#8230;)<\/a><\/p>\n","protected":false},"author":14,"featured_media":5387,"menu_order":0,"comment_status":"closed","ping_status":"closed","template":"","format":"standard","meta":{"footnotes":""},"portfolio_category":[115],"portfolio_skills":[],"portfolio_tags":[],"class_list":["post-5391","avada_portfolio","type-avada_portfolio","status-publish","format-standard","has-post-thumbnail","hentry","portfolio_category-mice-prague-blog"],"yoast_head":"<!-- This site is optimized with the Yoast SEO plugin v27.4 - https:\/\/yoast.com\/product\/yoast-seo-wordpress\/ -->\n<title>Maxin PRAGUE at IMEX Frankfurt 2026 - Event blog by Maxin PRAGUE<\/title>\n<meta name=\"description\" content=\"Meet Maxin Prague at IMEX Frankfurt 2026 at booth D155. Discover the latest trends and schedule a personal meeting with our team.\" \/>\n<meta name=\"robots\" content=\"index, follow, max-snippet:-1, max-image-preview:large, max-video-preview:-1\" \/>\n<link rel=\"canonical\" href=\"https:\/\/maxin-prague.cz\/en\/portfolio-items\/maxin-prague-at-imex-frankfurt-2026\/\" \/>\n<meta property=\"og:locale\" content=\"en_US\" \/>\n<meta property=\"og:type\" content=\"article\" \/>\n<meta property=\"og:title\" content=\"Maxin PRAGUE at IMEX Frankfurt 2026 - Event blog by Maxin PRAGUE\" \/>\n<meta property=\"og:description\" content=\"Meet Maxin Prague at IMEX Frankfurt 2026 at booth D155. Discover the latest trends and schedule a personal meeting with our team.\" \/>\n<meta property=\"og:url\" content=\"https:\/\/maxin-prague.cz\/en\/portfolio-items\/maxin-prague-at-imex-frankfurt-2026\/\" \/>\n<meta property=\"og:site_name\" content=\"Maxin PRAGUE\" \/>\n<meta property=\"article:publisher\" content=\"https:\/\/www.facebook.com\/MaxinPRAGUE\/\" \/>\n<meta property=\"article:modified_time\" content=\"2026-04-29T15:21:32+00:00\" \/>\n<meta property=\"og:image\" content=\"https:\/\/maxin-prague.cz\/wp-content\/uploads\/2026\/04\/IMEX-Frankfurt-2026-Logo-400-px.jpg\" \/>\n\t<meta property=\"og:image:width\" content=\"400\" \/>\n\t<meta property=\"og:image:height\" content=\"262\" \/>\n\t<meta property=\"og:image:type\" content=\"image\/jpeg\" \/>\n<meta name=\"twitter:card\" content=\"summary_large_image\" \/>\n<meta name=\"twitter:label1\" content=\"Est. reading time\" \/>\n\t<meta name=\"twitter:data1\" content=\"8 minutes\" \/>\n<script type=\"application\/ld+json\" class=\"yoast-schema-graph\">{\"@context\":\"https:\\\/\\\/schema.org\",\"@graph\":[{\"@type\":\"WebPage\",\"@id\":\"https:\\\/\\\/maxin-prague.cz\\\/en\\\/portfolio-items\\\/maxin-prague-at-imex-frankfurt-2026\\\/\",\"url\":\"https:\\\/\\\/maxin-prague.cz\\\/en\\\/portfolio-items\\\/maxin-prague-at-imex-frankfurt-2026\\\/\",\"name\":\"Maxin PRAGUE at IMEX Frankfurt 2026 - Event blog by Maxin PRAGUE\",\"isPartOf\":{\"@id\":\"https:\\\/\\\/maxin-prague.cz\\\/en\\\/#website\"},\"primaryImageOfPage\":{\"@id\":\"https:\\\/\\\/maxin-prague.cz\\\/en\\\/portfolio-items\\\/maxin-prague-at-imex-frankfurt-2026\\\/#primaryimage\"},\"image\":{\"@id\":\"https:\\\/\\\/maxin-prague.cz\\\/en\\\/portfolio-items\\\/maxin-prague-at-imex-frankfurt-2026\\\/#primaryimage\"},\"thumbnailUrl\":\"https:\\\/\\\/maxin-prague.cz\\\/wp-content\\\/uploads\\\/2026\\\/04\\\/IMEX-Frankfurt-2026-Logo-400-px.jpg\",\"datePublished\":\"2026-04-29T15:16:57+00:00\",\"dateModified\":\"2026-04-29T15:21:32+00:00\",\"description\":\"Meet Maxin Prague at IMEX Frankfurt 2026 at booth D155. Discover the latest trends and schedule a personal meeting with our team.\",\"breadcrumb\":{\"@id\":\"https:\\\/\\\/maxin-prague.cz\\\/en\\\/portfolio-items\\\/maxin-prague-at-imex-frankfurt-2026\\\/#breadcrumb\"},\"inLanguage\":\"en-US\",\"potentialAction\":[{\"@type\":\"ReadAction\",\"target\":[\"https:\\\/\\\/maxin-prague.cz\\\/en\\\/portfolio-items\\\/maxin-prague-at-imex-frankfurt-2026\\\/\"]}]},{\"@type\":\"ImageObject\",\"inLanguage\":\"en-US\",\"@id\":\"https:\\\/\\\/maxin-prague.cz\\\/en\\\/portfolio-items\\\/maxin-prague-at-imex-frankfurt-2026\\\/#primaryimage\",\"url\":\"https:\\\/\\\/maxin-prague.cz\\\/wp-content\\\/uploads\\\/2026\\\/04\\\/IMEX-Frankfurt-2026-Logo-400-px.jpg\",\"contentUrl\":\"https:\\\/\\\/maxin-prague.cz\\\/wp-content\\\/uploads\\\/2026\\\/04\\\/IMEX-Frankfurt-2026-Logo-400-px.jpg\",\"width\":400,\"height\":262},{\"@type\":\"BreadcrumbList\",\"@id\":\"https:\\\/\\\/maxin-prague.cz\\\/en\\\/portfolio-items\\\/maxin-prague-at-imex-frankfurt-2026\\\/#breadcrumb\",\"itemListElement\":[{\"@type\":\"ListItem\",\"position\":1,\"name\":\"Dom\u016f\",\"item\":\"https:\\\/\\\/maxin-prague.cz\\\/en\\\/\"},{\"@type\":\"ListItem\",\"position\":2,\"name\":\"Portfolio\",\"item\":\"https:\\\/\\\/maxin-prague.cz\\\/en\\\/portfolio-items\\\/\"},{\"@type\":\"ListItem\",\"position\":3,\"name\":\"Maxin PRAGUE at IMEX Frankfurt 2026\"}]},{\"@type\":\"WebSite\",\"@id\":\"https:\\\/\\\/maxin-prague.cz\\\/en\\\/#website\",\"url\":\"https:\\\/\\\/maxin-prague.cz\\\/en\\\/\",\"name\":\"Maxin PRAGUE\",\"description\":\"Web \u010desk\u00e9 eventov\u00e9 a DMC agentury Maxin PRAGUE\",\"publisher\":{\"@id\":\"https:\\\/\\\/maxin-prague.cz\\\/en\\\/#organization\"},\"potentialAction\":[{\"@type\":\"SearchAction\",\"target\":{\"@type\":\"EntryPoint\",\"urlTemplate\":\"https:\\\/\\\/maxin-prague.cz\\\/en\\\/?s={search_term_string}\"},\"query-input\":{\"@type\":\"PropertyValueSpecification\",\"valueRequired\":true,\"valueName\":\"search_term_string\"}}],\"inLanguage\":\"en-US\"},{\"@type\":\"Organization\",\"@id\":\"https:\\\/\\\/maxin-prague.cz\\\/en\\\/#organization\",\"name\":\"Maxin PRAGUE\",\"url\":\"https:\\\/\\\/maxin-prague.cz\\\/en\\\/\",\"logo\":{\"@type\":\"ImageObject\",\"inLanguage\":\"en-US\",\"@id\":\"https:\\\/\\\/maxin-prague.cz\\\/en\\\/#\\\/schema\\\/logo\\\/image\\\/\",\"url\":\"https:\\\/\\\/maxin-prague.cz\\\/wp-content\\\/uploads\\\/2019\\\/10\\\/Maxin-PRAGUE-Logo-with-Claim-Open-Graph.jpg\",\"contentUrl\":\"https:\\\/\\\/maxin-prague.cz\\\/wp-content\\\/uploads\\\/2019\\\/10\\\/Maxin-PRAGUE-Logo-with-Claim-Open-Graph.jpg\",\"width\":1200,\"height\":630,\"caption\":\"Maxin PRAGUE\"},\"image\":{\"@id\":\"https:\\\/\\\/maxin-prague.cz\\\/en\\\/#\\\/schema\\\/logo\\\/image\\\/\"},\"sameAs\":[\"https:\\\/\\\/www.facebook.com\\\/MaxinPRAGUE\\\/\"]}]}<\/script>\n<!-- \/ Yoast SEO plugin. -->","yoast_head_json":{"title":"Maxin PRAGUE at IMEX Frankfurt 2026 - Event blog by Maxin PRAGUE","description":"Meet Maxin Prague at IMEX Frankfurt 2026 at booth D155. Discover the latest trends and schedule a personal meeting with our team.","robots":{"index":"index","follow":"follow","max-snippet":"max-snippet:-1","max-image-preview":"max-image-preview:large","max-video-preview":"max-video-preview:-1"},"canonical":"https:\/\/maxin-prague.cz\/en\/portfolio-items\/maxin-prague-at-imex-frankfurt-2026\/","og_locale":"en_US","og_type":"article","og_title":"Maxin PRAGUE at IMEX Frankfurt 2026 - Event blog by Maxin PRAGUE","og_description":"Meet Maxin Prague at IMEX Frankfurt 2026 at booth D155. Discover the latest trends and schedule a personal meeting with our team.","og_url":"https:\/\/maxin-prague.cz\/en\/portfolio-items\/maxin-prague-at-imex-frankfurt-2026\/","og_site_name":"Maxin PRAGUE","article_publisher":"https:\/\/www.facebook.com\/MaxinPRAGUE\/","article_modified_time":"2026-04-29T15:21:32+00:00","og_image":[{"width":400,"height":262,"url":"https:\/\/maxin-prague.cz\/wp-content\/uploads\/2026\/04\/IMEX-Frankfurt-2026-Logo-400-px.jpg","type":"image\/jpeg"}],"twitter_card":"summary_large_image","twitter_misc":{"Est. reading time":"8 minutes"},"schema":{"@context":"https:\/\/schema.org","@graph":[{"@type":"WebPage","@id":"https:\/\/maxin-prague.cz\/en\/portfolio-items\/maxin-prague-at-imex-frankfurt-2026\/","url":"https:\/\/maxin-prague.cz\/en\/portfolio-items\/maxin-prague-at-imex-frankfurt-2026\/","name":"Maxin PRAGUE at IMEX Frankfurt 2026 - Event blog by Maxin PRAGUE","isPartOf":{"@id":"https:\/\/maxin-prague.cz\/en\/#website"},"primaryImageOfPage":{"@id":"https:\/\/maxin-prague.cz\/en\/portfolio-items\/maxin-prague-at-imex-frankfurt-2026\/#primaryimage"},"image":{"@id":"https:\/\/maxin-prague.cz\/en\/portfolio-items\/maxin-prague-at-imex-frankfurt-2026\/#primaryimage"},"thumbnailUrl":"https:\/\/maxin-prague.cz\/wp-content\/uploads\/2026\/04\/IMEX-Frankfurt-2026-Logo-400-px.jpg","datePublished":"2026-04-29T15:16:57+00:00","dateModified":"2026-04-29T15:21:32+00:00","description":"Meet Maxin Prague at IMEX Frankfurt 2026 at booth D155. Discover the latest trends and schedule a personal meeting with our team.","breadcrumb":{"@id":"https:\/\/maxin-prague.cz\/en\/portfolio-items\/maxin-prague-at-imex-frankfurt-2026\/#breadcrumb"},"inLanguage":"en-US","potentialAction":[{"@type":"ReadAction","target":["https:\/\/maxin-prague.cz\/en\/portfolio-items\/maxin-prague-at-imex-frankfurt-2026\/"]}]},{"@type":"ImageObject","inLanguage":"en-US","@id":"https:\/\/maxin-prague.cz\/en\/portfolio-items\/maxin-prague-at-imex-frankfurt-2026\/#primaryimage","url":"https:\/\/maxin-prague.cz\/wp-content\/uploads\/2026\/04\/IMEX-Frankfurt-2026-Logo-400-px.jpg","contentUrl":"https:\/\/maxin-prague.cz\/wp-content\/uploads\/2026\/04\/IMEX-Frankfurt-2026-Logo-400-px.jpg","width":400,"height":262},{"@type":"BreadcrumbList","@id":"https:\/\/maxin-prague.cz\/en\/portfolio-items\/maxin-prague-at-imex-frankfurt-2026\/#breadcrumb","itemListElement":[{"@type":"ListItem","position":1,"name":"Dom\u016f","item":"https:\/\/maxin-prague.cz\/en\/"},{"@type":"ListItem","position":2,"name":"Portfolio","item":"https:\/\/maxin-prague.cz\/en\/portfolio-items\/"},{"@type":"ListItem","position":3,"name":"Maxin PRAGUE at IMEX Frankfurt 2026"}]},{"@type":"WebSite","@id":"https:\/\/maxin-prague.cz\/en\/#website","url":"https:\/\/maxin-prague.cz\/en\/","name":"Maxin PRAGUE","description":"Web \u010desk\u00e9 eventov\u00e9 a DMC agentury Maxin PRAGUE","publisher":{"@id":"https:\/\/maxin-prague.cz\/en\/#organization"},"potentialAction":[{"@type":"SearchAction","target":{"@type":"EntryPoint","urlTemplate":"https:\/\/maxin-prague.cz\/en\/?s={search_term_string}"},"query-input":{"@type":"PropertyValueSpecification","valueRequired":true,"valueName":"search_term_string"}}],"inLanguage":"en-US"},{"@type":"Organization","@id":"https:\/\/maxin-prague.cz\/en\/#organization","name":"Maxin PRAGUE","url":"https:\/\/maxin-prague.cz\/en\/","logo":{"@type":"ImageObject","inLanguage":"en-US","@id":"https:\/\/maxin-prague.cz\/en\/#\/schema\/logo\/image\/","url":"https:\/\/maxin-prague.cz\/wp-content\/uploads\/2019\/10\/Maxin-PRAGUE-Logo-with-Claim-Open-Graph.jpg","contentUrl":"https:\/\/maxin-prague.cz\/wp-content\/uploads\/2019\/10\/Maxin-PRAGUE-Logo-with-Claim-Open-Graph.jpg","width":1200,"height":630,"caption":"Maxin PRAGUE"},"image":{"@id":"https:\/\/maxin-prague.cz\/en\/#\/schema\/logo\/image\/"},"sameAs":["https:\/\/www.facebook.com\/MaxinPRAGUE\/"]}]}},"_links":{"self":[{"href":"https:\/\/maxin-prague.cz\/en\/wp-json\/wp\/v2\/avada_portfolio\/5391","targetHints":{"allow":["GET"]}}],"collection":[{"href":"https:\/\/maxin-prague.cz\/en\/wp-json\/wp\/v2\/avada_portfolio"}],"about":[{"href":"https:\/\/maxin-prague.cz\/en\/wp-json\/wp\/v2\/types\/avada_portfolio"}],"author":[{"embeddable":true,"href":"https:\/\/maxin-prague.cz\/en\/wp-json\/wp\/v2\/users\/14"}],"replies":[{"embeddable":true,"href":"https:\/\/maxin-prague.cz\/en\/wp-json\/wp\/v2\/comments?post=5391"}],"version-history":[{"count":11,"href":"https:\/\/maxin-prague.cz\/en\/wp-json\/wp\/v2\/avada_portfolio\/5391\/revisions"}],"predecessor-version":[{"id":5402,"href":"https:\/\/maxin-prague.cz\/en\/wp-json\/wp\/v2\/avada_portfolio\/5391\/revisions\/5402"}],"wp:featuredmedia":[{"embeddable":true,"href":"https:\/\/maxin-prague.cz\/en\/wp-json\/wp\/v2\/media\/5387"}],"wp:attachment":[{"href":"https:\/\/maxin-prague.cz\/en\/wp-json\/wp\/v2\/media?parent=5391"}],"wp:term":[{"taxonomy":"portfolio_category","embeddable":true,"href":"https:\/\/maxin-prague.cz\/en\/wp-json\/wp\/v2\/portfolio_category?post=5391"},{"taxonomy":"portfolio_skills","embeddable":true,"href":"https:\/\/maxin-prague.cz\/en\/wp-json\/wp\/v2\/portfolio_skills?post=5391"},{"taxonomy":"portfolio_tags","embeddable":true,"href":"https:\/\/maxin-prague.cz\/en\/wp-json\/wp\/v2\/portfolio_tags?post=5391"}],"curies":[{"name":"wp","href":"https:\/\/api.w.org\/{rel}","templated":true}]}}